{"id":12,"date":"2017-09-13T18:54:51","date_gmt":"2017-09-13T16:54:51","guid":{"rendered":"https:\/\/www.leschampsdefleury.com\/?page_id=12"},"modified":"2024-07-10T17:16:41","modified_gmt":"2024-07-10T15:16:41","slug":"omgeving","status":"publish","type":"page","link":"https:\/\/www.leschampsdefleury.com\/fr\/omgeving\/","title":{"rendered":"La R\u00e9gion"},"content":{"rendered":"<p><\/p>\n<h3 class=\"pagetitle\" style=\"padding-bottom: 30px;\">Les vacances en Bourgogne<\/h3>\n<p><img loading=\"lazy\" decoding=\"async\" class=\"alignright\" src=\"https:\/\/www.leschampsdefleury.com\/wp-content\/uploads\/2017\/09\/Vakantie-in-de-Bourgogne-landkaart.png\" alt=\"Carte r\u00e9gion Les champs de Fleury gites\" width=\"300\" height=\"192\"><\/p>\n<p>La r\u00e9gion dans laquelle se trouvent Les Champs de Fleury est tr\u00e8s vari\u00e9e et permet de r\u00e9pondre aux envies de chacun. <strong>La belle campagne Bourguignonne<\/strong> garantit des vacances inoubliables! Les logements sont situ\u00e9s pr\u00e8s du village de Biches dans <strong>le d\u00e9partement de la Ni\u00e8vre<\/strong>, situ\u00e9s le long d\u2019une petite route entour\u00e9e de champs de bl\u00e9, de colza ou de tournesols selon les ann\u00e9es, offrant une tr\u00e8s belle vue sur les paysages bocagers caract\u00e9ristiques \u00e0 la r\u00e9gion.<\/p>\n<p>A seulement quelques pas se trouve le <strong>Canal du Nivernais<\/strong>, le long duquel on peut faire de superbes balades \u00e0 pied ou \u00e0 v\u00e9lo. Il est \u00e9galement possible de se baigner en \u00e9t\u00e9 dans la rivi\u00e8re l\u2019Aron qui se situe \u00e0 c\u00f4t\u00e9 du canal, gr\u00e2ce \u00e0 un barrage cr\u00e9ant une retenue d\u2019eau. En saison, il y a aussi un petit kiosque au bord de l&rsquo;eau o\u00f9 l&rsquo;on peut prendre une boisson ou une glace,<br \/>\nvous pouvez \u00e9galement y acheter des produits locaux. Tout ceci se trouve juste \u00e0 c\u00f4t\u00e9 de votre logement!<br \/>\n<strong>Les amateurs de p\u00eache<\/strong> ne sont pas oubli\u00e9s, il y a de nombreuses possibilit\u00e9s, comme un sentier de p\u00eache de 5km le long du canal ou de nombreux lacs \u00e0 proximit\u00e9.<br \/>\nAu mois de septembre a lieu le br\u00e2me du cerf, qui sont tr\u00e8s nombreux dans les environs, on peut souvent les entendre depuis le jardin les soir. Lors de cette p\u00e9riode, une promenade dans les bois en fin de journ\u00e9e peut vous permettre de les voir de pr\u00e8s avec un peu de chance, ce qui est un spectacle magnifique \u00e0 observer.<\/p>\n<p>La Ni\u00e8vre est connue pour sa tranquillit\u00e9, sa belle nature pr\u00e9serv\u00e9e, ses paysages vallon\u00e9es, ses rivi\u00e8res et ses vaches charolaises dans les bocages. On est aux portes du <strong>Parc naturel r\u00e9gional du Morvan<\/strong> avec son fort boisement et ses nombreux lacs.<br \/>\nA proximit\u00e9 se trouvent les <b>villes viticoles de Sancerre et de Pouilly-sur-Loire<\/b>. La capitale du d\u00e9partement est Nevers. Autun, Vezelay, Avallon et Moulins sont d\u2019autres sites historiques qui m\u00e9ritent d\u2019\u00eatre visit\u00e9s.<\/p>\n<p>En bref, pleines de possibilit\u00e9s afin de d\u00e9couvrir de beaux endroits pour des vacances r\u00e9ussies.<\/p>\n<h4 class=\"mtopkal\">Photos<\/h4>\n<div class=\"gallcenter gallpadding\" style=\"text-align: center;\"><div  id=\"jtg-1082\" class=\"modula modula-gallery modula-creative-gallery\" data-config=\"{&quot;height&quot;:850,&quot;tabletHeight&quot;:750,&quot;mobileHeight&quot;:650,&quot;desktopHeight&quot;:850,&quot;enableTwitter&quot;:false,&quot;enableWhatsapp&quot;:false,&quot;enableFacebook&quot;:false,&quot;enablePinterest&quot;:false,&quot;enableLinkedin&quot;:false,&quot;enableEmail&quot;:false,&quot;randomFactor&quot;:0.2,&quot;type&quot;:&quot;creative-gallery&quot;,&quot;columns&quot;:12,&quot;gutter&quot;:8,&quot;mobileGutter&quot;:6,&quot;tabletGutter&quot;:6,&quot;desktopGutter&quot;:8,&quot;enableResponsive&quot;:&quot;0&quot;,&quot;tabletColumns&quot;:&quot;2&quot;,&quot;mobileColumns&quot;:&quot;1&quot;,&quot;lazyLoad&quot;:0,&quot;lightboxOpts&quot;:{&quot;animated&quot;:true,&quot;Thumbs&quot;:{&quot;type&quot;:&quot;modern&quot;,&quot;showOnStart&quot;:false},&quot;Toolbar&quot;:{&quot;display&quot;:{&quot;right&quot;:[&quot;close&quot;]},&quot;enabled&quot;:true},&quot;Carousel&quot;:{&quot;Panzoom&quot;:{&quot;touch&quot;:true},&quot;infinite&quot;:false},&quot;keyboard&quot;:{&quot;Escape&quot;:&quot;close&quot;,&quot;Delete&quot;:&quot;close&quot;,&quot;Backspace&quot;:&quot;close&quot;,&quot;PageUp&quot;:false,&quot;PageDown&quot;:false,&quot;ArrowUp&quot;:false,&quot;ArrowDown&quot;:false,&quot;ArrowRight&quot;:false,&quot;ArrowLeft&quot;:false},&quot;touch&quot;:false,&quot;backdropClick&quot;:false,&quot;l10n&quot;:{&quot;CLOSE&quot;:&quot;Close&quot;,&quot;NEXT&quot;:&quot;Next&quot;,&quot;PREV&quot;:&quot;Previous&quot;,&quot;Error&quot;:&quot;The requested content cannot be loaded. Please try again later.&quot;,&quot;PLAY_START&quot;:&quot;Start slideshow&quot;,&quot;PLAY_STOP&quot;:&quot;Pause slideshow&quot;,&quot;FULL_SCREEN&quot;:&quot;Full screen&quot;,&quot;THUMBS&quot;:&quot;Thumbnails&quot;,&quot;DOWNLOAD&quot;:&quot;Download&quot;,&quot;SHARE&quot;:&quot;Share&quot;,&quot;ZOOM&quot;:&quot;Zoom&quot;,&quot;EMAIL&quot;:&quot;Here is the link to the image : %%image_link%% and this is the link to the gallery : %%gallery_link%%&quot;,&quot;MODAL&quot;:&quot;You can close this modal content with the ESC key&quot;,&quot;ERROR&quot;:&quot;Something Went Wrong, Please Try Again Later&quot;,&quot;IMAGE_ERROR&quot;:&quot;Image Not Found&quot;,&quot;ELEMENT_NOT_FOUND&quot;:&quot;HTML Element Not Found&quot;,&quot;AJAX_NOT_FOUND&quot;:&quot;Error Loading AJAX : Not Found&quot;,&quot;AJAX_FORBIDDEN&quot;:&quot;Error Loading AJAX : Forbidden&quot;,&quot;IFRAME_ERROR&quot;:&quot;Error Loading Page&quot;,&quot;TOGGLE_ZOOM&quot;:&quot;Toggle zoom level&quot;,&quot;TOGGLE_THUMBS&quot;:&quot;Toggle thumbnails&quot;,&quot;TOGGLE_SLIDESHOW&quot;:&quot;Toggle slideshow&quot;,&quot;TOGGLE_FULLSCREEN&quot;:&quot;Toggle full-screen mode&quot;},&quot;Images&quot;:{&quot;Panzoom&quot;:{&quot;maxScale&quot;:2}},&quot;mainClass&quot;:&quot;modula-fancybox-container modula-lightbox-jtg-1082&quot;,&quot;Html&quot;:{&quot;videoAutoplay&quot;:0,&quot;videoTpl&quot;:&quot;&lt;video class=\\&quot;fancybox__html5video\\&quot; controls muted playsinline controlsList controlsList=\\&quot;nodownload\\&quot; poster=\\&quot;{{poster}}\\&quot; src=\\&quot;{{src}}\\&quot; type=\\&quot;{{format}}\\&quot; &gt;  Sorry, your browser doesn&#039;t support embedded videos, &lt;a href=\\&quot;{{src}}\\&quot;&gt; download &lt;\\\/a&gt; and watch with your favorite video player! &lt;\\\/video&gt;&quot;}},&quot;inView&quot;:false,&quot;email_subject&quot;:&quot;Check out this awesome image !!&quot;,&quot;email_message&quot;:&quot;Here is the link to the image : %%image_link%% and this is the link to the gallery : %%gallery_link%%&quot;,&quot;lightbox&quot;:&quot;fancybox&quot;}\">\n\n\t\n\t<div  class=\"modula-items\">\n\t\t<div class=\"modula-item effect-pufrobo\" >\n\t<div class=\"modula-item-overlay\"><\/div>\n\n\t<div class=\"modula-item-content\">\n\n\t\t<a data-image-id=\"147\" role=\"button\" tabindex=\"0\" rel=\"jtg-1082\" data-caption=\"Vacances en Bourgogne\" aria-label=\"Open image in lightbox\" class=\"tile-inner modula-item-link\"><\/a><img loading=\"lazy\" decoding=\"async\" class=\"pic wp-image-147\"  data-valign=\"middle\" data-halign=\"center\" alt=\"Vakantie in de Morvan Bourgogne Les champs de Fleury\" data-full=\"https:\/\/www.leschampsdefleury.com\/wp-content\/uploads\/2017\/09\/Vakantie-in-de-Morvan-Bourgogne-Les-champs-de-Fleury.jpg\" title=\"Vakantie in de Morvan Bourgogne Les champs de Fleury\" crop=\"\" width=\"710\" height=\"533\" src=\"https:\/\/www.leschampsdefleury.com\/wp-content\/uploads\/2017\/09\/Vakantie-in-de-Morvan-Bourgogne-Les-champs-de-Fleury-1024x768.jpg\" data-src=\"https:\/\/www.leschampsdefleury.com\/wp-content\/uploads\/2017\/09\/Vakantie-in-de-Morvan-Bourgogne-Les-champs-de-Fleury-1024x768.jpg\" data-caption=\"Vacances en Bourgogne\" srcset=\"https:\/\/www.leschampsdefleury.com\/wp-content\/uploads\/2017\/09\/Vakantie-in-de-Morvan-Bourgogne-Les-champs-de-Fleury.jpg 1304w, https:\/\/www.leschampsdefleury.com\/wp-content\/uploads\/2017\/09\/Vakantie-in-de-Morvan-Bourgogne-Les-champs-de-Fleury-300x225.jpg 300w, https:\/\/www.leschampsdefleury.com\/wp-content\/uploads\/2017\/09\/Vakantie-in-de-Morvan-Bourgogne-Les-champs-de-Fleury-768x576.jpg 768w, https:\/\/www.leschampsdefleury.com\/wp-content\/uploads\/2017\/09\/Vakantie-in-de-Morvan-Bourgogne-Les-champs-de-Fleury-1024x768.jpg 1024w, https:\/\/www.leschampsdefleury.com\/wp-content\/uploads\/2017\/09\/Vakantie-in-de-Morvan-Bourgogne-Les-champs-de-Fleury-600x450.jpg 600w\" sizes=\"auto, (max-width: 710px) 100vw, 710px\" \/>\n\t\t<div class=\"figc\">\n\t\t\t<div class=\"figc-inner\">\n\t\t\t\t\t\t\t\t\t\t\t\t\t\t\t<\/div>\n\t\t<\/div>\n\n\t<\/div>\n\n<\/div><div class=\"modula-item effect-pufrobo\" >\n\t<div class=\"modula-item-overlay\"><\/div>\n\n\t<div class=\"modula-item-content\">\n\n\t\t<a data-image-id=\"151\" role=\"button\" tabindex=\"0\" rel=\"jtg-1082\" data-caption=\"Chateau Chatillon en Bazois\" aria-label=\"Open image in lightbox\" class=\"tile-inner modula-item-link\"><\/a><img loading=\"lazy\" decoding=\"async\" class=\"pic wp-image-151\"  data-valign=\"middle\" data-halign=\"center\" alt=\"Chateau Chatillon en Bazois vakantiehuis Morvan Bourgogne\" data-full=\"https:\/\/www.leschampsdefleury.com\/wp-content\/uploads\/2017\/09\/Chateau-Chatillon-en-Bazois-vakantiehuis-Morvan-Bourgogne.jpg\" title=\"Chateau Chatillon en Bazois vakantiehuis Morvan Bourgogne\" crop=\"\" width=\"710\" height=\"535\" src=\"https:\/\/www.leschampsdefleury.com\/wp-content\/uploads\/2017\/09\/Chateau-Chatillon-en-Bazois-vakantiehuis-Morvan-Bourgogne-1024x771.jpg\" data-src=\"https:\/\/www.leschampsdefleury.com\/wp-content\/uploads\/2017\/09\/Chateau-Chatillon-en-Bazois-vakantiehuis-Morvan-Bourgogne-1024x771.jpg\" data-caption=\"Chateau Chatillon en Bazois\" srcset=\"https:\/\/www.leschampsdefleury.com\/wp-content\/uploads\/2017\/09\/Chateau-Chatillon-en-Bazois-vakantiehuis-Morvan-Bourgogne.jpg 1294w, https:\/\/www.leschampsdefleury.com\/wp-content\/uploads\/2017\/09\/Chateau-Chatillon-en-Bazois-vakantiehuis-Morvan-Bourgogne-300x226.jpg 300w, https:\/\/www.leschampsdefleury.com\/wp-content\/uploads\/2017\/09\/Chateau-Chatillon-en-Bazois-vakantiehuis-Morvan-Bourgogne-768x578.jpg 768w, https:\/\/www.leschampsdefleury.com\/wp-content\/uploads\/2017\/09\/Chateau-Chatillon-en-Bazois-vakantiehuis-Morvan-Bourgogne-1024x771.jpg 1024w, https:\/\/www.leschampsdefleury.com\/wp-content\/uploads\/2017\/09\/Chateau-Chatillon-en-Bazois-vakantiehuis-Morvan-Bourgogne-600x452.jpg 600w\" sizes=\"auto, (max-width: 710px) 100vw, 710px\" \/>\n\t\t<div class=\"figc\">\n\t\t\t<div class=\"figc-inner\">\n\t\t\t\t\t\t\t\t\t\t\t\t\t\t\t<\/div>\n\t\t<\/div>\n\n\t<\/div>\n\n<\/div><div class=\"modula-item effect-pufrobo\" >\n\t<div class=\"modula-item-overlay\"><\/div>\n\n\t<div class=\"modula-item-content\">\n\n\t\t<a data-image-id=\"146\" role=\"button\" tabindex=\"0\" rel=\"jtg-1082\" data-caption=\"Canal du Nivernais \" aria-label=\"Open image in lightbox\" class=\"tile-inner modula-item-link\"><\/a><img loading=\"lazy\" decoding=\"async\" class=\"pic wp-image-146\"  data-valign=\"middle\" data-halign=\"center\" alt=\"Vakantiehuis Bourgogne Fleury\" data-full=\"https:\/\/www.leschampsdefleury.com\/wp-content\/uploads\/2017\/09\/Vakantiehuis-Bourgogne-Fleury.jpg\" title=\"Vakantiehuis Bourgogne Fleury\" crop=\"\" width=\"710\" height=\"474\" src=\"https:\/\/www.leschampsdefleury.com\/wp-content\/uploads\/2017\/09\/Vakantiehuis-Bourgogne-Fleury-1024x683.jpg\" data-src=\"https:\/\/www.leschampsdefleury.com\/wp-content\/uploads\/2017\/09\/Vakantiehuis-Bourgogne-Fleury-1024x683.jpg\" data-caption=\"Canal du Nivernais \" srcset=\"https:\/\/www.leschampsdefleury.com\/wp-content\/uploads\/2017\/09\/Vakantiehuis-Bourgogne-Fleury.jpg 1400w, https:\/\/www.leschampsdefleury.com\/wp-content\/uploads\/2017\/09\/Vakantiehuis-Bourgogne-Fleury-300x200.jpg 300w, https:\/\/www.leschampsdefleury.com\/wp-content\/uploads\/2017\/09\/Vakantiehuis-Bourgogne-Fleury-768x512.jpg 768w, https:\/\/www.leschampsdefleury.com\/wp-content\/uploads\/2017\/09\/Vakantiehuis-Bourgogne-Fleury-1024x683.jpg 1024w, https:\/\/www.leschampsdefleury.com\/wp-content\/uploads\/2017\/09\/Vakantiehuis-Bourgogne-Fleury-600x400.jpg 600w\" sizes=\"auto, (max-width: 710px) 100vw, 710px\" \/>\n\t\t<div class=\"figc\">\n\t\t\t<div class=\"figc-inner\">\n\t\t\t\t\t\t\t\t\t\t\t\t\t\t\t<\/div>\n\t\t<\/div>\n\n\t<\/div>\n\n<\/div><div class=\"modula-item effect-pufrobo\" >\n\t<div class=\"modula-item-overlay\"><\/div>\n\n\t<div class=\"modula-item-content\">\n\n\t\t<a data-image-id=\"150\" role=\"button\" tabindex=\"0\" rel=\"jtg-1082\" data-caption=\"Fleury\" aria-label=\"Open image in lightbox\" class=\"tile-inner modula-item-link\"><\/a><img loading=\"lazy\" decoding=\"async\" class=\"pic wp-image-150\"  data-valign=\"middle\" data-halign=\"center\" alt=\"Zwemmeer bij Fleury Bourgogne Les champs de Fleury\" data-full=\"https:\/\/www.leschampsdefleury.com\/wp-content\/uploads\/2017\/09\/Zwemmeer-bij-Fleury-Bourgogne-Les-champs-de-Fleury.jpg\" title=\"Zwemmeer bij Fleury Bourgogne Les champs de Fleury\" crop=\"\" width=\"710\" height=\"468\" src=\"https:\/\/www.leschampsdefleury.com\/wp-content\/uploads\/2017\/09\/Zwemmeer-bij-Fleury-Bourgogne-Les-champs-de-Fleury-1024x675.jpg\" data-src=\"https:\/\/www.leschampsdefleury.com\/wp-content\/uploads\/2017\/09\/Zwemmeer-bij-Fleury-Bourgogne-Les-champs-de-Fleury-1024x675.jpg\" data-caption=\"Fleury\" srcset=\"https:\/\/www.leschampsdefleury.com\/wp-content\/uploads\/2017\/09\/Zwemmeer-bij-Fleury-Bourgogne-Les-champs-de-Fleury.jpg 1400w, https:\/\/www.leschampsdefleury.com\/wp-content\/uploads\/2017\/09\/Zwemmeer-bij-Fleury-Bourgogne-Les-champs-de-Fleury-300x198.jpg 300w, https:\/\/www.leschampsdefleury.com\/wp-content\/uploads\/2017\/09\/Zwemmeer-bij-Fleury-Bourgogne-Les-champs-de-Fleury-768x506.jpg 768w, https:\/\/www.leschampsdefleury.com\/wp-content\/uploads\/2017\/09\/Zwemmeer-bij-Fleury-Bourgogne-Les-champs-de-Fleury-1024x675.jpg 1024w, https:\/\/www.leschampsdefleury.com\/wp-content\/uploads\/2017\/09\/Zwemmeer-bij-Fleury-Bourgogne-Les-champs-de-Fleury-600x395.jpg 600w\" sizes=\"auto, (max-width: 710px) 100vw, 710px\" \/>\n\t\t<div class=\"figc\">\n\t\t\t<div class=\"figc-inner\">\n\t\t\t\t\t\t\t\t\t\t\t\t\t\t\t<\/div>\n\t\t<\/div>\n\n\t<\/div>\n\n<\/div><div class=\"modula-item effect-pufrobo\" >\n\t<div class=\"modula-item-overlay\"><\/div>\n\n\t<div class=\"modula-item-content\">\n\n\t\t<a data-image-id=\"148\" role=\"button\" tabindex=\"0\" rel=\"jtg-1082\" data-caption=\"Vacances en Bourgogne\" aria-label=\"Open image in lightbox\" class=\"tile-inner modula-item-link\"><\/a><img loading=\"lazy\" decoding=\"async\" class=\"pic wp-image-148\"  data-valign=\"middle\" data-halign=\"center\" alt=\"Wild in de Morvan Vakantiehuis Les champs de Fleury\" data-full=\"https:\/\/www.leschampsdefleury.com\/wp-content\/uploads\/2017\/09\/Wild-in-de-Morvan-Vakantiehuis-Les-champs-de-Fleury.jpg\" title=\"Wild in de Morvan Vakantiehuis Les champs de Fleury\" crop=\"\" width=\"710\" height=\"474\" src=\"https:\/\/www.leschampsdefleury.com\/wp-content\/uploads\/2017\/09\/Wild-in-de-Morvan-Vakantiehuis-Les-champs-de-Fleury-1024x684.jpg\" data-src=\"https:\/\/www.leschampsdefleury.com\/wp-content\/uploads\/2017\/09\/Wild-in-de-Morvan-Vakantiehuis-Les-champs-de-Fleury-1024x684.jpg\" data-caption=\"Vacances en Bourgogne\" srcset=\"https:\/\/www.leschampsdefleury.com\/wp-content\/uploads\/2017\/09\/Wild-in-de-Morvan-Vakantiehuis-Les-champs-de-Fleury.jpg 1400w, https:\/\/www.leschampsdefleury.com\/wp-content\/uploads\/2017\/09\/Wild-in-de-Morvan-Vakantiehuis-Les-champs-de-Fleury-300x200.jpg 300w, https:\/\/www.leschampsdefleury.com\/wp-content\/uploads\/2017\/09\/Wild-in-de-Morvan-Vakantiehuis-Les-champs-de-Fleury-768x513.jpg 768w, https:\/\/www.leschampsdefleury.com\/wp-content\/uploads\/2017\/09\/Wild-in-de-Morvan-Vakantiehuis-Les-champs-de-Fleury-1024x684.jpg 1024w, https:\/\/www.leschampsdefleury.com\/wp-content\/uploads\/2017\/09\/Wild-in-de-Morvan-Vakantiehuis-Les-champs-de-Fleury-600x401.jpg 600w\" sizes=\"auto, (max-width: 710px) 100vw, 710px\" \/>\n\t\t<div class=\"figc\">\n\t\t\t<div class=\"figc-inner\">\n\t\t\t\t\t\t\t\t\t\t\t\t\t\t\t<\/div>\n\t\t<\/div>\n\n\t<\/div>\n\n<\/div><div class=\"modula-item effect-pufrobo\" >\n\t<div class=\"modula-item-overlay\"><\/div>\n\n\t<div class=\"modula-item-content\">\n\n\t\t<a data-image-id=\"163\" role=\"button\" tabindex=\"0\" rel=\"jtg-1082\" data-caption=\"V\u00e9zelay\" aria-label=\"Open image in lightbox\" class=\"tile-inner modula-item-link\"><\/a><img loading=\"lazy\" decoding=\"async\" class=\"pic wp-image-163\"  data-valign=\"middle\" data-halign=\"center\" alt=\"Vezelay Bourgogne vakantiehuis\" data-full=\"https:\/\/www.leschampsdefleury.com\/wp-content\/uploads\/2017\/09\/Vezelay-Bourgogne-vakantiehuis.jpg\" title=\"Vezelay Bourgogne vakantiehuis\" crop=\"\" width=\"710\" height=\"473\" src=\"https:\/\/www.leschampsdefleury.com\/wp-content\/uploads\/2017\/09\/Vezelay-Bourgogne-vakantiehuis-1024x682.jpg\" data-src=\"https:\/\/www.leschampsdefleury.com\/wp-content\/uploads\/2017\/09\/Vezelay-Bourgogne-vakantiehuis-1024x682.jpg\" data-caption=\"V\u00e9zelay\" srcset=\"https:\/\/www.leschampsdefleury.com\/wp-content\/uploads\/2017\/09\/Vezelay-Bourgogne-vakantiehuis.jpg 1280w, https:\/\/www.leschampsdefleury.com\/wp-content\/uploads\/2017\/09\/Vezelay-Bourgogne-vakantiehuis-300x200.jpg 300w, https:\/\/www.leschampsdefleury.com\/wp-content\/uploads\/2017\/09\/Vezelay-Bourgogne-vakantiehuis-768x512.jpg 768w, https:\/\/www.leschampsdefleury.com\/wp-content\/uploads\/2017\/09\/Vezelay-Bourgogne-vakantiehuis-1024x682.jpg 1024w, https:\/\/www.leschampsdefleury.com\/wp-content\/uploads\/2017\/09\/Vezelay-Bourgogne-vakantiehuis-600x400.jpg 600w\" sizes=\"auto, (max-width: 710px) 100vw, 710px\" \/>\n\t\t<div class=\"figc\">\n\t\t\t<div class=\"figc-inner\">\n\t\t\t\t\t\t\t\t\t\t\t\t\t\t\t<\/div>\n\t\t<\/div>\n\n\t<\/div>\n\n<\/div><div class=\"modula-item effect-pufrobo\" >\n\t<div class=\"modula-item-overlay\"><\/div>\n\n\t<div class=\"modula-item-content\">\n\n\t\t<a data-image-id=\"1084\" role=\"button\" tabindex=\"0\" rel=\"jtg-1082\" data-caption=\"\" aria-label=\"Open image in lightbox\" class=\"tile-inner modula-item-link\"><\/a><img loading=\"lazy\" decoding=\"async\" class=\"pic wp-image-1084\"  data-valign=\"middle\" data-halign=\"center\" alt=\"Sancerre - Vins\" data-full=\"https:\/\/www.leschampsdefleury.com\/wp-content\/uploads\/2023\/04\/vins-Sancerre-ge288d96e8_1280.jpg\" title=\"vins-Sancerre-ge288d96e8_1280\" crop=\"\" width=\"710\" height=\"474\" src=\"https:\/\/www.leschampsdefleury.com\/wp-content\/uploads\/2023\/04\/vins-Sancerre-ge288d96e8_1280-1024x684.jpg\" data-src=\"https:\/\/www.leschampsdefleury.com\/wp-content\/uploads\/2023\/04\/vins-Sancerre-ge288d96e8_1280-1024x684.jpg\" data-caption=\"\" srcset=\"https:\/\/www.leschampsdefleury.com\/wp-content\/uploads\/2023\/04\/vins-Sancerre-ge288d96e8_1280.jpg 1280w, https:\/\/www.leschampsdefleury.com\/wp-content\/uploads\/2023\/04\/vins-Sancerre-ge288d96e8_1280-300x200.jpg 300w, https:\/\/www.leschampsdefleury.com\/wp-content\/uploads\/2023\/04\/vins-Sancerre-ge288d96e8_1280-1024x684.jpg 1024w, https:\/\/www.leschampsdefleury.com\/wp-content\/uploads\/2023\/04\/vins-Sancerre-ge288d96e8_1280-768x513.jpg 768w\" sizes=\"auto, (max-width: 710px) 100vw, 710px\" \/>\n\t\t<div class=\"figc no-description\">\n\t\t\t<div class=\"figc-inner\">\n\t\t\t\t\t\t\t\t\t\t\t\t\t\t\t<\/div>\n\t\t<\/div>\n\n\t<\/div>\n\n<\/div><div class=\"modula-item effect-pufrobo\" >\n\t<div class=\"modula-item-overlay\"><\/div>\n\n\t<div class=\"modula-item-content\">\n\n\t\t<a data-image-id=\"1083\" role=\"button\" tabindex=\"0\" rel=\"jtg-1082\" data-caption=\"\" aria-label=\"Open image in lightbox\" class=\"tile-inner modula-item-link\"><\/a><img loading=\"lazy\" decoding=\"async\" class=\"pic wp-image-1083\"  data-valign=\"middle\" data-halign=\"center\" alt=\"Vezelay Bourgogne\" data-full=\"https:\/\/www.leschampsdefleury.com\/wp-content\/uploads\/2023\/04\/vezelay-g5976ccfb8_1280-b.jpg\" title=\"vezelay-g5976ccfb8_1280-b\" crop=\"\" width=\"710\" height=\"473\" src=\"https:\/\/www.leschampsdefleury.com\/wp-content\/uploads\/2023\/04\/vezelay-g5976ccfb8_1280-b-1024x682.jpg\" data-src=\"https:\/\/www.leschampsdefleury.com\/wp-content\/uploads\/2023\/04\/vezelay-g5976ccfb8_1280-b-1024x682.jpg\" data-caption=\"\" srcset=\"https:\/\/www.leschampsdefleury.com\/wp-content\/uploads\/2023\/04\/vezelay-g5976ccfb8_1280-b.jpg 1280w, https:\/\/www.leschampsdefleury.com\/wp-content\/uploads\/2023\/04\/vezelay-g5976ccfb8_1280-b-300x200.jpg 300w, https:\/\/www.leschampsdefleury.com\/wp-content\/uploads\/2023\/04\/vezelay-g5976ccfb8_1280-b-1024x682.jpg 1024w, https:\/\/www.leschampsdefleury.com\/wp-content\/uploads\/2023\/04\/vezelay-g5976ccfb8_1280-b-768x511.jpg 768w\" sizes=\"auto, (max-width: 710px) 100vw, 710px\" \/>\n\t\t<div class=\"figc no-description\">\n\t\t\t<div class=\"figc-inner\">\n\t\t\t\t\t\t\t\t\t\t\t\t\t\t\t<\/div>\n\t\t<\/div>\n\n\t<\/div>\n\n<\/div><div class=\"modula-item effect-pufrobo\" >\n\t<div class=\"modula-item-overlay\"><\/div>\n\n\t<div class=\"modula-item-content\">\n\n\t\t<a data-image-id=\"1097\" role=\"button\" tabindex=\"0\" rel=\"jtg-1082\" data-caption=\"\" aria-label=\"Open image in lightbox\" class=\"tile-inner modula-item-link\"><\/a><img loading=\"lazy\" decoding=\"async\" class=\"pic wp-image-1097\"  data-valign=\"middle\" data-halign=\"center\" alt=\"Canal Nivernais - Fleury\" data-full=\"https:\/\/www.leschampsdefleury.com\/wp-content\/uploads\/2023\/04\/Fleury-106-opt.jpg\" title=\"Fleury-106-opt\" crop=\"\" width=\"710\" height=\"864\" src=\"https:\/\/www.leschampsdefleury.com\/wp-content\/uploads\/2023\/04\/Fleury-106-opt.jpg\" data-src=\"https:\/\/www.leschampsdefleury.com\/wp-content\/uploads\/2023\/04\/Fleury-106-opt.jpg\" data-caption=\"\" srcset=\"https:\/\/www.leschampsdefleury.com\/wp-content\/uploads\/2023\/04\/Fleury-106-opt.jpg 800w, https:\/\/www.leschampsdefleury.com\/wp-content\/uploads\/2023\/04\/Fleury-106-opt-246x300.jpg 246w, https:\/\/www.leschampsdefleury.com\/wp-content\/uploads\/2023\/04\/Fleury-106-opt-768x935.jpg 768w\" sizes=\"auto, (max-width: 710px) 100vw, 710px\" \/>\n\t\t<div class=\"figc no-description\">\n\t\t\t<div class=\"figc-inner\">\n\t\t\t\t\t\t\t\t\t\t\t\t\t\t\t<\/div>\n\t\t<\/div>\n\n\t<\/div>\n\n<\/div><div class=\"modula-item effect-pufrobo\" >\n\t<div class=\"modula-item-overlay\"><\/div>\n\n\t<div class=\"modula-item-content\">\n\n\t\t<a data-image-id=\"165\" role=\"button\" tabindex=\"0\" rel=\"jtg-1082\" data-caption=\"Wijngaarden in de Bourgogne\" aria-label=\"Open image in lightbox\" class=\"tile-inner modula-item-link\"><\/a><img loading=\"lazy\" decoding=\"async\" class=\"pic wp-image-165\"  data-valign=\"middle\" data-halign=\"center\" alt=\"Wijngaard Bourgogne Beaune vakantie in Bourgogne\" data-full=\"https:\/\/www.leschampsdefleury.com\/wp-content\/uploads\/2017\/09\/Wijngaard-Bourgogne-Beaune-vakantie-in-Bourgogne.jpg\" title=\"Wijngaard Bourgogne Beaune vakantie in Bourgogne\" crop=\"\" width=\"710\" height=\"474\" src=\"https:\/\/www.leschampsdefleury.com\/wp-content\/uploads\/2017\/09\/Wijngaard-Bourgogne-Beaune-vakantie-in-Bourgogne-1024x683.jpg\" data-src=\"https:\/\/www.leschampsdefleury.com\/wp-content\/uploads\/2017\/09\/Wijngaard-Bourgogne-Beaune-vakantie-in-Bourgogne-1024x683.jpg\" data-caption=\"Wijngaarden in de Bourgogne\" srcset=\"https:\/\/www.leschampsdefleury.com\/wp-content\/uploads\/2017\/09\/Wijngaard-Bourgogne-Beaune-vakantie-in-Bourgogne.jpg 1400w, https:\/\/www.leschampsdefleury.com\/wp-content\/uploads\/2017\/09\/Wijngaard-Bourgogne-Beaune-vakantie-in-Bourgogne-300x200.jpg 300w, https:\/\/www.leschampsdefleury.com\/wp-content\/uploads\/2017\/09\/Wijngaard-Bourgogne-Beaune-vakantie-in-Bourgogne-768x512.jpg 768w, https:\/\/www.leschampsdefleury.com\/wp-content\/uploads\/2017\/09\/Wijngaard-Bourgogne-Beaune-vakantie-in-Bourgogne-1024x683.jpg 1024w, https:\/\/www.leschampsdefleury.com\/wp-content\/uploads\/2017\/09\/Wijngaard-Bourgogne-Beaune-vakantie-in-Bourgogne-600x400.jpg 600w\" sizes=\"auto, (max-width: 710px) 100vw, 710px\" \/>\n\t\t<div class=\"figc\">\n\t\t\t<div class=\"figc-inner\">\n\t\t\t\t\t\t\t\t\t\t\t\t\t\t\t<\/div>\n\t\t<\/div>\n\n\t<\/div>\n\n<\/div><div class=\"modula-item effect-pufrobo\" >\n\t<div class=\"modula-item-overlay\"><\/div>\n\n\t<div class=\"modula-item-content\">\n\n\t\t<a data-image-id=\"1099\" role=\"button\" tabindex=\"0\" rel=\"jtg-1082\" data-caption=\"\" aria-label=\"Open image in lightbox\" class=\"tile-inner modula-item-link\"><\/a><img loading=\"lazy\" decoding=\"async\" class=\"pic wp-image-1099\"  data-valign=\"middle\" data-halign=\"center\" alt=\"Canal du Nivernais - Fleury\" data-full=\"https:\/\/www.leschampsdefleury.com\/wp-content\/uploads\/2023\/04\/Canal-nivernais-plaquette_Fleury-107.jpg\" title=\"Canal-nivernais-plaquette_Fleury-107\" crop=\"\" width=\"710\" height=\"473\" src=\"https:\/\/www.leschampsdefleury.com\/wp-content\/uploads\/2023\/04\/Canal-nivernais-plaquette_Fleury-107-1024x682.jpg\" data-src=\"https:\/\/www.leschampsdefleury.com\/wp-content\/uploads\/2023\/04\/Canal-nivernais-plaquette_Fleury-107-1024x682.jpg\" data-caption=\"\" srcset=\"https:\/\/www.leschampsdefleury.com\/wp-content\/uploads\/2023\/04\/Canal-nivernais-plaquette_Fleury-107.jpg 1280w, https:\/\/www.leschampsdefleury.com\/wp-content\/uploads\/2023\/04\/Canal-nivernais-plaquette_Fleury-107-300x200.jpg 300w, https:\/\/www.leschampsdefleury.com\/wp-content\/uploads\/2023\/04\/Canal-nivernais-plaquette_Fleury-107-1024x682.jpg 1024w, https:\/\/www.leschampsdefleury.com\/wp-content\/uploads\/2023\/04\/Canal-nivernais-plaquette_Fleury-107-768x511.jpg 768w\" sizes=\"auto, (max-width: 710px) 100vw, 710px\" \/>\n\t\t<div class=\"figc no-description\">\n\t\t\t<div class=\"figc-inner\">\n\t\t\t\t\t\t\t\t\t\t\t\t\t\t\t<\/div>\n\t\t<\/div>\n\n\t<\/div>\n\n<\/div><div class=\"modula-item effect-pufrobo\" >\n\t<div class=\"modula-item-overlay\"><\/div>\n\n\t<div class=\"modula-item-content\">\n\n\t\t<a data-image-id=\"1100\" role=\"button\" tabindex=\"0\" rel=\"jtg-1082\" data-caption=\"\" aria-label=\"Open image in lightbox\" class=\"tile-inner modula-item-link\"><\/a><img loading=\"lazy\" decoding=\"async\" class=\"pic wp-image-1100\"  data-valign=\"middle\" data-halign=\"center\" alt=\"Canal du Nivernais - Fleury\" data-full=\"https:\/\/www.leschampsdefleury.com\/wp-content\/uploads\/2023\/04\/Canal-les-champs-de-fleury.jpg\" title=\"Canal-les-champs-de-fleury\" crop=\"\" width=\"710\" height=\"473\" src=\"https:\/\/www.leschampsdefleury.com\/wp-content\/uploads\/2023\/04\/Canal-les-champs-de-fleury.jpg\" data-src=\"https:\/\/www.leschampsdefleury.com\/wp-content\/uploads\/2023\/04\/Canal-les-champs-de-fleury.jpg\" data-caption=\"\" srcset=\"https:\/\/www.leschampsdefleury.com\/wp-content\/uploads\/2023\/04\/Canal-les-champs-de-fleury.jpg 1024w, https:\/\/www.leschampsdefleury.com\/wp-content\/uploads\/2023\/04\/Canal-les-champs-de-fleury-300x200.jpg 300w, https:\/\/www.leschampsdefleury.com\/wp-content\/uploads\/2023\/04\/Canal-les-champs-de-fleury-768x512.jpg 768w\" sizes=\"auto, (max-width: 710px) 100vw, 710px\" \/>\n\t\t<div class=\"figc no-description\">\n\t\t\t<div class=\"figc-inner\">\n\t\t\t\t\t\t\t\t\t\t\t\t\t\t\t<\/div>\n\t\t<\/div>\n\n\t<\/div>\n\n<\/div><div class=\"modula-item effect-pufrobo\" >\n\t<div class=\"modula-item-overlay\"><\/div>\n\n\t<div class=\"modula-item-content\">\n\n\t\t<a data-image-id=\"1098\" role=\"button\" tabindex=\"0\" rel=\"jtg-1082\" data-caption=\"\" aria-label=\"Open image in lightbox\" class=\"tile-inner modula-item-link\"><\/a><img loading=\"lazy\" decoding=\"async\" class=\"pic wp-image-1098\"  data-valign=\"middle\" data-halign=\"center\" alt=\"Uitzichten Vues Views - Fleury\" data-full=\"https:\/\/www.leschampsdefleury.com\/wp-content\/uploads\/2023\/04\/Uitzichten-vues-views_Fleury.jpg\" title=\"Uitzichten-vues-views_Fleury\" crop=\"\" width=\"710\" height=\"336\" src=\"https:\/\/www.leschampsdefleury.com\/wp-content\/uploads\/2023\/04\/Uitzichten-vues-views_Fleury.jpg\" data-src=\"https:\/\/www.leschampsdefleury.com\/wp-content\/uploads\/2023\/04\/Uitzichten-vues-views_Fleury.jpg\" data-caption=\"\" srcset=\"https:\/\/www.leschampsdefleury.com\/wp-content\/uploads\/2023\/04\/Uitzichten-vues-views_Fleury.jpg 900w, https:\/\/www.leschampsdefleury.com\/wp-content\/uploads\/2023\/04\/Uitzichten-vues-views_Fleury-300x142.jpg 300w, https:\/\/www.leschampsdefleury.com\/wp-content\/uploads\/2023\/04\/Uitzichten-vues-views_Fleury-768x364.jpg 768w\" sizes=\"auto, (max-width: 710px) 100vw, 710px\" \/>\n\t\t<div class=\"figc no-description\">\n\t\t\t<div class=\"figc-inner\">\n\t\t\t\t\t\t\t\t\t\t\t\t\t\t\t<\/div>\n\t\t<\/div>\n\n\t<\/div>\n\n<\/div>\t\t\n\t<\/div>\n\n\t\n\t\n\t<script type=\"application\/ld+json\">\n\t{\n\t\t\"@context\": \"http:\/\/schema.org\",\n\t\t\"@type\"   : \"ImageGallery\",\n\t\t\"id\"      : \"https:\/\/www.leschampsdefleury.com\/fr\/omgeving\/\",\n\t\t\"url\"     : \"https:\/\/www.leschampsdefleury.com\/fr\/omgeving\/\"\n\t}\n\n\t<\/script>\n\n\t\n<\/div>\n<\/div>\n<h4 class=\"mtopkal\">Activit\u00e9s et excursions aux alentours<\/h4>\n<p>De nombreuses activit\u00e9s sont propos\u00e9es dans les environs imm\u00e9diats de nos maisons de vacances. Ces excursions rendent les vacances en Bourgogne encore plus amusantes!<\/p>\n<p>Un certain nombre de <strong>sites, excursions et des sorties<\/strong> que nous vous recommandons sans h\u00e9siter:<\/p>\n<ul>\n<li>Randonn\u00e9es depuis le logement<\/li>\n<li>Balades en v\u00e9lo le long du Canal du Nivernais (se trouvant \u00e0 700m)<\/li>\n<li>Nombreux endroits pour p\u00e9cher dont le Canal du Nivernais, l&rsquo;Aron ou dans un des lacs des environs<\/li>\n<li>Se baigner dans l&rsquo;authentique \u00ab\u00a0Site de Fleury\u00a0\u00bb (700m)<\/li>\n<li>Visites culturelles (Autun, Decize, Nevers et le tr\u00e8s joli Vezelay)<\/li>\n<li>Le Casino de Saint-Honor\u00e9-les-Bains et son restaurant<\/li>\n<li>Une journ\u00e9e de d\u00e9tente et de cure dans les bains thermaux de Saint-Honor\u00e9-les-Bains, tr\u00e8s joli b\u00e0t iment et parc<\/li>\n<li>Le mus\u00e9e de la mine \u00e0 La Machine<\/li>\n<li>En saison il y a presque toujours brocante ou vide-grenier \u00e0 proximit\u00e9 les weekends<\/li>\n<li>Des march\u00e9s mensuels tr\u00e8s conviviaux \u00e0 Moulins-Engilbert et a Corbigny<\/li>\n<li>Centre \u00e9questre d&rsquo;Alluy<\/li>\n<li>Des balades en cano\u00eb ou bateau<\/li>\n<\/ul>\n<p>Vous aimeriez en savoir plus sur des vacances en Bourgogne? Jetez un \u0153il sur les sites suivants:<\/p>\n<p><strong><a style=\"\" href=\"https:\/\/www.bazois-tourisme.com\/2016\/\" target=\"_blank\" rel=\"noopener\">R\u00e9gion du Bazois<\/a><\/strong><\/p>\n<p><strong><a style=\"\" href=\"https:\/\/www.nevers-tourisme.com\" target=\"_blank\" rel=\"noopener\">R\u00e9gion du Nevers<\/a><\/strong><\/p>\n<p><strong><a style=\"\" href=\"https:\/\/www.autun-tourisme.com\" target=\"_blank\" rel=\"noopener\">R\u00e9gion du Autun<\/a><\/strong><\/p>\n<p><strong><a style=\"\" href=\"https:\/\/tourisme.parcdumorvan.org\" target=\"_blank\" rel=\"noopener\">Parc du Morvan<\/a><\/strong>\n<\/p>\n<p><\/p>","protected":false},"excerpt":{"rendered":"<p>Les vacances en Bourgogne La r\u00e9gion dans laquelle se trouvent Les Champs de Fleury est tr\u00e8s vari\u00e9e et permet de r\u00e9pondre aux envies de chacun. La belle campagne Bourguignonne garantit des vacances inoubliables! Les logements sont situ\u00e9s pr\u00e8s du village<\/p>\n","protected":false},"author":1,"featured_media":0,"parent":0,"menu_order":4,"comment_status":"closed","ping_status":"closed","template":"","meta":{"slim_seo":{"title":"[:nl]Omgeving[:fr]La R\u00e9gion[:] - Les champs de Fleury","description":"[:nl] Vakantie in de Bourgogne De omgeving rondom onze vakantiewoningen is enorm gevarieerd en geliefd bij een breed publiek. Het mooie Bourgondische platteland"},"footnotes":"","_links_to":"","_links_to_target":""},"class_list":["post-12","page","type-page","status-publish","hentry"],"_links":{"self":[{"href":"https:\/\/www.leschampsdefleury.com\/fr\/wp-json\/wp\/v2\/pages\/12","targetHints":{"allow":["GET"]}}],"collection":[{"href":"https:\/\/www.leschampsdefleury.com\/fr\/wp-json\/wp\/v2\/pages"}],"about":[{"href":"https:\/\/www.leschampsdefleury.com\/fr\/wp-json\/wp\/v2\/types\/page"}],"author":[{"embeddable":true,"href":"https:\/\/www.leschampsdefleury.com\/fr\/wp-json\/wp\/v2\/users\/1"}],"replies":[{"embeddable":true,"href":"https:\/\/www.leschampsdefleury.com\/fr\/wp-json\/wp\/v2\/comments?post=12"}],"version-history":[{"count":57,"href":"https:\/\/www.leschampsdefleury.com\/fr\/wp-json\/wp\/v2\/pages\/12\/revisions"}],"predecessor-version":[{"id":1269,"href":"https:\/\/www.leschampsdefleury.com\/fr\/wp-json\/wp\/v2\/pages\/12\/revisions\/1269"}],"wp:attachment":[{"href":"https:\/\/www.leschampsdefleury.com\/fr\/wp-json\/wp\/v2\/media?parent=12"}],"curies":[{"name":"wp","href":"https:\/\/api.w.org\/{rel}","templated":true}]}}