{"id":30,"date":"2017-09-13T19:45:03","date_gmt":"2017-09-13T17:45:03","guid":{"rendered":"https:\/\/www.leschampsdefleury.com\/?page_id=30"},"modified":"2024-01-27T18:41:40","modified_gmt":"2024-01-27T17:41:40","slug":"lancienne-etable","status":"publish","type":"page","link":"https:\/\/www.leschampsdefleury.com\/fr\/gites\/lancienne-etable\/","title":{"rendered":"L&rsquo;Ancienne Etable"},"content":{"rendered":"<p><\/p>\n<h3 class=\"pagetitle\" style=\"padding-bottom: 30px;\">G\u00eete L&rsquo;Ancienne Etable<\/h3>\n<p><img decoding=\"async\" class=\"alignright\" src=\"https:\/\/www.leschampsdefleury.com\/wp-content\/uploads\/2023\/04\/lancien-etable-300x223-1.jpg\" alt=\"G\u00eete L'ancienne Etable dans le Morvan en Bourgogne - Les champs de Fleury\"><\/p>\n<p>L&rsquo;ancienne Etable est une r\u00e9sidence de vacances qui a \u00e9t\u00e9 travaill\u00e9e avec beaucoup d&rsquo;attention pour en faire <strong>un lieu sp\u00e9cial, charmant et surtout unique<\/strong>, une maison o\u00f9 vous vous sentirez comme chez vous.<\/p>\n<p>Cette maison de vacances convient aux personnes qui aiment la tranquillit\u00e9, la nature, l&rsquo;eau et la belle campagne fran\u00e7aise, elle est situ\u00e9e sur une petite route pr\u00e8s du canal et de la rivi\u00e8re, entour\u00e9e de champs, avec de belles vues \u00e0 chaque saison, tr\u00e8s vari\u00e9es, et profitant d&rsquo;un magnifique ciel \u00e9toil\u00e9 la nuit tomb\u00e9e. (La maison est moins adapt\u00e9 aux jeunes enfants)<\/p>\n<p>Le s\u00e9jour dispose d&rsquo;un <strong>salon \/ cuisine confortable<\/strong>, il y a un coin canap\u00e9 avec po\u00eale \u00e0 granul\u00e9s, WIFI, TV , lecteur DVD avec plusieurs DVD \u00e0 disponibilit\u00e9.<\/p>\n<p><strong>La cuisine<\/strong> est \u00e9quip\u00e9e d&rsquo;une cuisini\u00e8re \u00e0 gaz avec four, r\u00e9frig\u00e9rateur\/cong\u00e9lateur, micro-ondes, machine \u00e0 caf\u00e9 Senseo et cafeti\u00e8re \u00e0 filtre, balance de cuisine, bouilloire, mixeur, quelques pots d&rsquo;herbes, rouleau de cuisine, en bref <strong>enti\u00e8rement \u00e9quip\u00e9e<\/strong>.<\/p>\n<p>Par l&rsquo;escalier ouvert sur le salon, vous atteignez l&rsquo;\u00e9tage sup\u00e9rieur, o\u00f9 vous avez vue sur la chambre qui n&rsquo;est pas une chambre ordinaire : elle a l&rsquo;aspect d&rsquo;<strong>une ruelle de la ville d&rsquo;Amsterdam<\/strong> avec ses habitations caract\u00e9ristiques. En face se trouve la salle de bain qui a \u00e9t\u00e9 faite pour ressembler \u00e0 un bar dans le m\u00eame style n\u00e9erlandais.<br \/>\nLa chambre dispose d&rsquo;un grand lit double (180&#215;200) et une grande armoire ; la <strong>salle de bain<\/strong> a une douche, un lavabo et des toilettes. Le g\u00eete dispose d&rsquo;une chambre. Pour une troisi\u00e8me personne, il est possible d&rsquo;ajouter un lit simple \u00e0 l&rsquo;\u00e9tage sup\u00e9rieur. Ce \u00ab\u00a0coin nuit\u00a0\u00bb peut \u00eatre ferm\u00e9 par un rideau.<\/p>\n<p><strong>Dehors<\/strong>, il y a <strong>plusieurs terrasses priv\u00e9es<\/strong> avec des si\u00e8ges inclinables, une chaise de d\u00e9tente et une chaise longue. Vous pourrez profiter du soleil du lever au coucher sans avoir \u00e0 vous d\u00e9placer.<br \/>\nIl y a aussi un abri en bois, b\u00e9n\u00e9ficiant d&rsquo;un espace ombrag\u00e9 lors de grandes chaleurs, et permettant \u00e9galement de profiter de l&rsquo;ext\u00e9rieur un peu plus longtemps le soir lorsque le temps se rafra\u00eechit.<br \/>\nLes fleurs et les plantes autour de la maison donne un aspect naturel et attrayant, rappelant le charme pittoresque de la campagne.<\/p>\n<p>Pour une indication de prix, veuillez envoyer un courriel \u00e0 : leschampsdefleury@gmail.com<br \/>\n<strong>Tarifs<\/strong><\/p>\n<p> Nous n\u2019avons pas de jour d\u2019arriv\u00e9e fixe, i lest donc possible de voyager en dehors des jours de grande affluence.<\/p>\n<h4 class=\"mtopkal\">Disponibilit\u00e9<\/h4>\n<div class=\"description\">\n<iframe style=\"max-width: 760px; width: 100%; height: 340px;\" src=\"https:\/\/www.gites.eu\/fr\/vakantiehuizen\/9116\/embed\" frameborder=\"0\" scrolling=\"no\"><\/iframe>\n<\/div>\n<h4 class=\"mtopkal\">Photos<\/h4>\n<div class=\"gallcenter gallpadding\" style=\"text-align: center;\"><div  id=\"jtg-925\" class=\"modula modula-gallery modula-creative-gallery\" data-config=\"{&quot;height&quot;:1200,&quot;tabletHeight&quot;:900,&quot;mobileHeight&quot;:850,&quot;desktopHeight&quot;:1200,&quot;enableTwitter&quot;:false,&quot;enableWhatsapp&quot;:false,&quot;enableFacebook&quot;:false,&quot;enablePinterest&quot;:false,&quot;enableLinkedin&quot;:false,&quot;enableEmail&quot;:false,&quot;randomFactor&quot;:0.2,&quot;type&quot;:&quot;creative-gallery&quot;,&quot;columns&quot;:12,&quot;gutter&quot;:8,&quot;mobileGutter&quot;:6,&quot;tabletGutter&quot;:6,&quot;desktopGutter&quot;:8,&quot;enableResponsive&quot;:&quot;0&quot;,&quot;tabletColumns&quot;:&quot;2&quot;,&quot;mobileColumns&quot;:&quot;1&quot;,&quot;lazyLoad&quot;:0,&quot;lightboxOpts&quot;:{&quot;animated&quot;:true,&quot;Thumbs&quot;:{&quot;type&quot;:&quot;modern&quot;,&quot;showOnStart&quot;:false},&quot;Toolbar&quot;:{&quot;display&quot;:{&quot;right&quot;:[&quot;close&quot;]},&quot;enabled&quot;:true},&quot;Carousel&quot;:{&quot;Panzoom&quot;:{&quot;touch&quot;:true},&quot;infinite&quot;:false},&quot;keyboard&quot;:{&quot;Escape&quot;:&quot;close&quot;,&quot;Delete&quot;:&quot;close&quot;,&quot;Backspace&quot;:&quot;close&quot;,&quot;PageUp&quot;:false,&quot;PageDown&quot;:false,&quot;ArrowUp&quot;:false,&quot;ArrowDown&quot;:false,&quot;ArrowRight&quot;:false,&quot;ArrowLeft&quot;:false},&quot;touch&quot;:false,&quot;backdropClick&quot;:false,&quot;l10n&quot;:{&quot;CLOSE&quot;:&quot;Close&quot;,&quot;NEXT&quot;:&quot;Next&quot;,&quot;PREV&quot;:&quot;Previous&quot;,&quot;Error&quot;:&quot;The requested content cannot be loaded. Please try again later.&quot;,&quot;PLAY_START&quot;:&quot;Start slideshow&quot;,&quot;PLAY_STOP&quot;:&quot;Pause slideshow&quot;,&quot;FULL_SCREEN&quot;:&quot;Full screen&quot;,&quot;THUMBS&quot;:&quot;Thumbnails&quot;,&quot;DOWNLOAD&quot;:&quot;Download&quot;,&quot;SHARE&quot;:&quot;Share&quot;,&quot;ZOOM&quot;:&quot;Zoom&quot;,&quot;EMAIL&quot;:&quot;Here is the link to the image : %%image_link%% and this is the link to the gallery : %%gallery_link%%&quot;,&quot;MODAL&quot;:&quot;You can close this modal content with the ESC key&quot;,&quot;ERROR&quot;:&quot;Something Went Wrong, Please Try Again Later&quot;,&quot;IMAGE_ERROR&quot;:&quot;Image Not Found&quot;,&quot;ELEMENT_NOT_FOUND&quot;:&quot;HTML Element Not Found&quot;,&quot;AJAX_NOT_FOUND&quot;:&quot;Error Loading AJAX : Not Found&quot;,&quot;AJAX_FORBIDDEN&quot;:&quot;Error Loading AJAX : Forbidden&quot;,&quot;IFRAME_ERROR&quot;:&quot;Error Loading Page&quot;,&quot;TOGGLE_ZOOM&quot;:&quot;Toggle zoom level&quot;,&quot;TOGGLE_THUMBS&quot;:&quot;Toggle thumbnails&quot;,&quot;TOGGLE_SLIDESHOW&quot;:&quot;Toggle slideshow&quot;,&quot;TOGGLE_FULLSCREEN&quot;:&quot;Toggle full-screen mode&quot;},&quot;Images&quot;:{&quot;Panzoom&quot;:{&quot;maxScale&quot;:2}},&quot;mainClass&quot;:&quot;modula-fancybox-container modula-lightbox-jtg-925&quot;,&quot;Html&quot;:{&quot;videoAutoplay&quot;:0,&quot;videoTpl&quot;:&quot;&lt;video class=\\&quot;fancybox__html5video\\&quot; controls muted playsinline controlsList controlsList=\\&quot;nodownload\\&quot; poster=\\&quot;{{poster}}\\&quot; src=\\&quot;{{src}}\\&quot; type=\\&quot;{{format}}\\&quot; &gt;  Sorry, your browser doesn&#039;t support embedded videos, &lt;a href=\\&quot;{{src}}\\&quot;&gt; download &lt;\\\/a&gt; and watch with your favorite video player! &lt;\\\/video&gt;&quot;}},&quot;inView&quot;:false,&quot;email_subject&quot;:&quot;Check out this awesome image !!&quot;,&quot;email_message&quot;:&quot;Here is the link to the image : %%image_link%% and this is the link to the gallery : %%gallery_link%%&quot;,&quot;lightbox&quot;:&quot;fancybox&quot;}\">\n\n\t\n\t<div  class=\"modula-items\">\n\t\t<div class=\"modula-item effect-pufrobo\" >\n\t<div class=\"modula-item-overlay\"><\/div>\n\n\t<div class=\"modula-item-content\">\n\n\t\t<a data-image-id=\"694\" role=\"button\" tabindex=\"0\" rel=\"jtg-925\" data-caption=\"\" aria-label=\"Open image in lightbox\" class=\"tile-inner modula-item-link\"><\/a><img loading=\"lazy\" decoding=\"async\" class=\"pic wp-image-694\"  data-valign=\"middle\" data-halign=\"center\" alt=\"Vakantiehuis g\u00eete L\u2019Ancienne Etable- Les champs de Fleury\" data-full=\"https:\/\/www.leschampsdefleury.com\/wp-content\/uploads\/2023\/02\/IMG_20230225_111831.jpg\" title=\"IMG_20230225_111831\" crop=\"\" width=\"710\" height=\"533\" src=\"https:\/\/www.leschampsdefleury.com\/wp-content\/uploads\/2023\/02\/IMG_20230225_111831-1024x768.jpg\" data-src=\"https:\/\/www.leschampsdefleury.com\/wp-content\/uploads\/2023\/02\/IMG_20230225_111831-1024x768.jpg\" data-caption=\"\" srcset=\"https:\/\/www.leschampsdefleury.com\/wp-content\/uploads\/2023\/02\/IMG_20230225_111831.jpg 1400w, https:\/\/www.leschampsdefleury.com\/wp-content\/uploads\/2023\/02\/IMG_20230225_111831-300x225.jpg 300w, https:\/\/www.leschampsdefleury.com\/wp-content\/uploads\/2023\/02\/IMG_20230225_111831-1024x768.jpg 1024w, https:\/\/www.leschampsdefleury.com\/wp-content\/uploads\/2023\/02\/IMG_20230225_111831-768x576.jpg 768w\" sizes=\"auto, (max-width: 710px) 100vw, 710px\" \/>\n\t\t<div class=\"figc no-description\">\n\t\t\t<div class=\"figc-inner\">\n\t\t\t\t\t\t\t\t\t\t\t\t\t\t\t<\/div>\n\t\t<\/div>\n\n\t<\/div>\n\n<\/div><div class=\"modula-item effect-pufrobo\" >\n\t<div class=\"modula-item-overlay\"><\/div>\n\n\t<div class=\"modula-item-content\">\n\n\t\t<a data-image-id=\"693\" role=\"button\" tabindex=\"0\" rel=\"jtg-925\" data-caption=\"\" aria-label=\"Open image in lightbox\" class=\"tile-inner modula-item-link\"><\/a><img loading=\"lazy\" decoding=\"async\" class=\"pic wp-image-693\"  data-valign=\"middle\" data-halign=\"center\" alt=\"Vakantiehuis g\u00eete L\u2019Ancienne Etable- Les champs de Fleury\" data-full=\"https:\/\/www.leschampsdefleury.com\/wp-content\/uploads\/2023\/02\/IMG_20230225_112318.jpg\" title=\"IMG_20230225_112318\" crop=\"\" width=\"710\" height=\"533\" src=\"https:\/\/www.leschampsdefleury.com\/wp-content\/uploads\/2023\/02\/IMG_20230225_112318-1024x768.jpg\" data-src=\"https:\/\/www.leschampsdefleury.com\/wp-content\/uploads\/2023\/02\/IMG_20230225_112318-1024x768.jpg\" data-caption=\"\" srcset=\"https:\/\/www.leschampsdefleury.com\/wp-content\/uploads\/2023\/02\/IMG_20230225_112318.jpg 1400w, https:\/\/www.leschampsdefleury.com\/wp-content\/uploads\/2023\/02\/IMG_20230225_112318-300x225.jpg 300w, https:\/\/www.leschampsdefleury.com\/wp-content\/uploads\/2023\/02\/IMG_20230225_112318-1024x768.jpg 1024w, https:\/\/www.leschampsdefleury.com\/wp-content\/uploads\/2023\/02\/IMG_20230225_112318-768x576.jpg 768w\" sizes=\"auto, (max-width: 710px) 100vw, 710px\" \/>\n\t\t<div class=\"figc no-description\">\n\t\t\t<div class=\"figc-inner\">\n\t\t\t\t\t\t\t\t\t\t\t\t\t\t\t<\/div>\n\t\t<\/div>\n\n\t<\/div>\n\n<\/div><div class=\"modula-item effect-pufrobo\" >\n\t<div class=\"modula-item-overlay\"><\/div>\n\n\t<div class=\"modula-item-content\">\n\n\t\t<a data-image-id=\"701\" role=\"button\" tabindex=\"0\" rel=\"jtg-925\" data-caption=\"\" aria-label=\"Open image in lightbox\" class=\"tile-inner modula-item-link\"><\/a><img loading=\"lazy\" decoding=\"async\" class=\"pic wp-image-701\"  data-valign=\"middle\" data-halign=\"center\" alt=\"Vakantiehuis g\u00eete L\u2019Ancienne Etable- Les champs de Fleury\" data-full=\"https:\/\/www.leschampsdefleury.com\/wp-content\/uploads\/2023\/02\/IMG_20230225_111941.jpg\" title=\"IMG_20230225_111941\" crop=\"\" width=\"710\" height=\"533\" src=\"https:\/\/www.leschampsdefleury.com\/wp-content\/uploads\/2023\/02\/IMG_20230225_111941-1024x768.jpg\" data-src=\"https:\/\/www.leschampsdefleury.com\/wp-content\/uploads\/2023\/02\/IMG_20230225_111941-1024x768.jpg\" data-caption=\"\" srcset=\"https:\/\/www.leschampsdefleury.com\/wp-content\/uploads\/2023\/02\/IMG_20230225_111941.jpg 1400w, https:\/\/www.leschampsdefleury.com\/wp-content\/uploads\/2023\/02\/IMG_20230225_111941-300x225.jpg 300w, https:\/\/www.leschampsdefleury.com\/wp-content\/uploads\/2023\/02\/IMG_20230225_111941-1024x768.jpg 1024w, https:\/\/www.leschampsdefleury.com\/wp-content\/uploads\/2023\/02\/IMG_20230225_111941-768x576.jpg 768w\" sizes=\"auto, (max-width: 710px) 100vw, 710px\" \/>\n\t\t<div class=\"figc no-description\">\n\t\t\t<div class=\"figc-inner\">\n\t\t\t\t\t\t\t\t\t\t\t\t\t\t\t<\/div>\n\t\t<\/div>\n\n\t<\/div>\n\n<\/div><div class=\"modula-item effect-pufrobo\" >\n\t<div class=\"modula-item-overlay\"><\/div>\n\n\t<div class=\"modula-item-content\">\n\n\t\t<a data-image-id=\"698\" role=\"button\" tabindex=\"0\" rel=\"jtg-925\" data-caption=\"\" aria-label=\"Open image in lightbox\" class=\"tile-inner modula-item-link\"><\/a><img loading=\"lazy\" decoding=\"async\" class=\"pic wp-image-698\"  data-valign=\"middle\" data-halign=\"center\" alt=\"Vakantiehuis g\u00eete L\u2019Ancienne Etable- Les champs de Fleury\" data-full=\"https:\/\/www.leschampsdefleury.com\/wp-content\/uploads\/2023\/02\/IMG_20230226_133930.jpg\" title=\"IMG_20230226_133930\" crop=\"\" width=\"710\" height=\"533\" src=\"https:\/\/www.leschampsdefleury.com\/wp-content\/uploads\/2023\/02\/IMG_20230226_133930-1024x768.jpg\" data-src=\"https:\/\/www.leschampsdefleury.com\/wp-content\/uploads\/2023\/02\/IMG_20230226_133930-1024x768.jpg\" data-caption=\"\" srcset=\"https:\/\/www.leschampsdefleury.com\/wp-content\/uploads\/2023\/02\/IMG_20230226_133930.jpg 1400w, https:\/\/www.leschampsdefleury.com\/wp-content\/uploads\/2023\/02\/IMG_20230226_133930-300x225.jpg 300w, https:\/\/www.leschampsdefleury.com\/wp-content\/uploads\/2023\/02\/IMG_20230226_133930-1024x768.jpg 1024w, https:\/\/www.leschampsdefleury.com\/wp-content\/uploads\/2023\/02\/IMG_20230226_133930-768x576.jpg 768w\" sizes=\"auto, (max-width: 710px) 100vw, 710px\" \/>\n\t\t<div class=\"figc no-description\">\n\t\t\t<div class=\"figc-inner\">\n\t\t\t\t\t\t\t\t\t\t\t\t\t\t\t<\/div>\n\t\t<\/div>\n\n\t<\/div>\n\n<\/div><div class=\"modula-item effect-pufrobo\" >\n\t<div class=\"modula-item-overlay\"><\/div>\n\n\t<div class=\"modula-item-content\">\n\n\t\t<a data-image-id=\"697\" role=\"button\" tabindex=\"0\" rel=\"jtg-925\" data-caption=\"\" aria-label=\"Open image in lightbox\" class=\"tile-inner modula-item-link\"><\/a><img loading=\"lazy\" decoding=\"async\" class=\"pic wp-image-697\"  data-valign=\"middle\" data-halign=\"center\" alt=\"Vakantiehuis g\u00eete L\u2019Ancienne Etable- Les champs de Fleury\" data-full=\"https:\/\/www.leschampsdefleury.com\/wp-content\/uploads\/2023\/02\/IMG_20230226_133854.jpg\" title=\"IMG_20230226_133854\" crop=\"\" width=\"710\" height=\"533\" src=\"https:\/\/www.leschampsdefleury.com\/wp-content\/uploads\/2023\/02\/IMG_20230226_133854-1024x768.jpg\" data-src=\"https:\/\/www.leschampsdefleury.com\/wp-content\/uploads\/2023\/02\/IMG_20230226_133854-1024x768.jpg\" data-caption=\"\" srcset=\"https:\/\/www.leschampsdefleury.com\/wp-content\/uploads\/2023\/02\/IMG_20230226_133854.jpg 1400w, https:\/\/www.leschampsdefleury.com\/wp-content\/uploads\/2023\/02\/IMG_20230226_133854-300x225.jpg 300w, https:\/\/www.leschampsdefleury.com\/wp-content\/uploads\/2023\/02\/IMG_20230226_133854-1024x768.jpg 1024w, https:\/\/www.leschampsdefleury.com\/wp-content\/uploads\/2023\/02\/IMG_20230226_133854-768x576.jpg 768w\" sizes=\"auto, (max-width: 710px) 100vw, 710px\" \/>\n\t\t<div class=\"figc no-description\">\n\t\t\t<div class=\"figc-inner\">\n\t\t\t\t\t\t\t\t\t\t\t\t\t\t\t<\/div>\n\t\t<\/div>\n\n\t<\/div>\n\n<\/div><div class=\"modula-item effect-pufrobo\" >\n\t<div class=\"modula-item-overlay\"><\/div>\n\n\t<div class=\"modula-item-content\">\n\n\t\t<a data-image-id=\"196\" role=\"button\" tabindex=\"0\" rel=\"jtg-925\" data-caption=\"\" aria-label=\"Open image in lightbox\" class=\"tile-inner modula-item-link\"><\/a><img loading=\"lazy\" decoding=\"async\" class=\"pic wp-image-196\"  data-valign=\"middle\" data-halign=\"center\" alt=\"Gezellig vakantiehuisje in Bourgogne Frankrijk\" data-full=\"https:\/\/www.leschampsdefleury.com\/wp-content\/uploads\/2017\/09\/Zithoek-boven-vakantiehuis-in-Bourgondie-Frankrijk-Les-champs-de-Fleury.jpg\" title=\"Zithoek boven vakantiehuis in Bourgondie Frankrijk Les champs de Fleury\" crop=\"\" width=\"710\" height=\"474\" src=\"https:\/\/www.leschampsdefleury.com\/wp-content\/uploads\/2017\/09\/Zithoek-boven-vakantiehuis-in-Bourgondie-Frankrijk-Les-champs-de-Fleury-1024x684.jpg\" data-src=\"https:\/\/www.leschampsdefleury.com\/wp-content\/uploads\/2017\/09\/Zithoek-boven-vakantiehuis-in-Bourgondie-Frankrijk-Les-champs-de-Fleury-1024x684.jpg\" data-caption=\"\" srcset=\"https:\/\/www.leschampsdefleury.com\/wp-content\/uploads\/2017\/09\/Zithoek-boven-vakantiehuis-in-Bourgondie-Frankrijk-Les-champs-de-Fleury.jpg 1386w, https:\/\/www.leschampsdefleury.com\/wp-content\/uploads\/2017\/09\/Zithoek-boven-vakantiehuis-in-Bourgondie-Frankrijk-Les-champs-de-Fleury-300x200.jpg 300w, https:\/\/www.leschampsdefleury.com\/wp-content\/uploads\/2017\/09\/Zithoek-boven-vakantiehuis-in-Bourgondie-Frankrijk-Les-champs-de-Fleury-768x513.jpg 768w, https:\/\/www.leschampsdefleury.com\/wp-content\/uploads\/2017\/09\/Zithoek-boven-vakantiehuis-in-Bourgondie-Frankrijk-Les-champs-de-Fleury-1024x684.jpg 1024w, https:\/\/www.leschampsdefleury.com\/wp-content\/uploads\/2017\/09\/Zithoek-boven-vakantiehuis-in-Bourgondie-Frankrijk-Les-champs-de-Fleury-600x401.jpg 600w\" sizes=\"auto, (max-width: 710px) 100vw, 710px\" \/>\n\t\t<div class=\"figc no-description\">\n\t\t\t<div class=\"figc-inner\">\n\t\t\t\t\t\t\t\t\t\t\t\t\t\t\t<\/div>\n\t\t<\/div>\n\n\t<\/div>\n\n<\/div><div class=\"modula-item effect-pufrobo\" >\n\t<div class=\"modula-item-overlay\"><\/div>\n\n\t<div class=\"modula-item-content\">\n\n\t\t<a data-image-id=\"560\" role=\"button\" tabindex=\"0\" rel=\"jtg-925\" data-caption=\"\" aria-label=\"Open image in lightbox\" class=\"tile-inner modula-item-link\"><\/a><img loading=\"lazy\" decoding=\"async\" class=\"pic wp-image-560\"  data-valign=\"middle\" data-halign=\"center\" alt=\"Vakantiehuis g\u00eete L\u2019Ancienne Etable- Les champs de Fleury\" data-full=\"https:\/\/www.leschampsdefleury.com\/wp-content\/uploads\/2020\/01\/d75366e4282b50bfd354c8569834c9ee.jpg\" title=\"d75366e4282b50bfd354c8569834c9ee\" crop=\"\" width=\"710\" height=\"399\" src=\"https:\/\/www.leschampsdefleury.com\/wp-content\/uploads\/2020\/01\/d75366e4282b50bfd354c8569834c9ee-1024x576.jpg\" data-src=\"https:\/\/www.leschampsdefleury.com\/wp-content\/uploads\/2020\/01\/d75366e4282b50bfd354c8569834c9ee-1024x576.jpg\" data-caption=\"\" srcset=\"https:\/\/www.leschampsdefleury.com\/wp-content\/uploads\/2020\/01\/d75366e4282b50bfd354c8569834c9ee-scaled.jpg 1400w, https:\/\/www.leschampsdefleury.com\/wp-content\/uploads\/2020\/01\/d75366e4282b50bfd354c8569834c9ee-300x169.jpg 300w, https:\/\/www.leschampsdefleury.com\/wp-content\/uploads\/2020\/01\/d75366e4282b50bfd354c8569834c9ee-1024x576.jpg 1024w, https:\/\/www.leschampsdefleury.com\/wp-content\/uploads\/2020\/01\/d75366e4282b50bfd354c8569834c9ee-768x432.jpg 768w, https:\/\/www.leschampsdefleury.com\/wp-content\/uploads\/2020\/01\/d75366e4282b50bfd354c8569834c9ee-1536x864.jpg 1536w, https:\/\/www.leschampsdefleury.com\/wp-content\/uploads\/2020\/01\/d75366e4282b50bfd354c8569834c9ee-2048x1152.jpg 2048w\" sizes=\"auto, (max-width: 710px) 100vw, 710px\" \/>\n\t\t<div class=\"figc no-description\">\n\t\t\t<div class=\"figc-inner\">\n\t\t\t\t\t\t\t\t\t\t\t\t\t\t\t<\/div>\n\t\t<\/div>\n\n\t<\/div>\n\n<\/div><div class=\"modula-item effect-pufrobo\" >\n\t<div class=\"modula-item-overlay\"><\/div>\n\n\t<div class=\"modula-item-content\">\n\n\t\t<a data-image-id=\"696\" role=\"button\" tabindex=\"0\" rel=\"jtg-925\" data-caption=\"\" aria-label=\"Open image in lightbox\" class=\"tile-inner modula-item-link\"><\/a><img loading=\"lazy\" decoding=\"async\" class=\"pic wp-image-696\"  data-valign=\"middle\" data-halign=\"center\" alt=\"Vakantiehuis g\u00eete L\u2019Ancienne Etable- Les champs de Fleury\" data-full=\"https:\/\/www.leschampsdefleury.com\/wp-content\/uploads\/2023\/02\/IMG_20230225_112345.jpg\" title=\"IMG_20230225_112345\" crop=\"\" width=\"710\" height=\"533\" src=\"https:\/\/www.leschampsdefleury.com\/wp-content\/uploads\/2023\/02\/IMG_20230225_112345-1024x768.jpg\" data-src=\"https:\/\/www.leschampsdefleury.com\/wp-content\/uploads\/2023\/02\/IMG_20230225_112345-1024x768.jpg\" data-caption=\"\" srcset=\"https:\/\/www.leschampsdefleury.com\/wp-content\/uploads\/2023\/02\/IMG_20230225_112345.jpg 1400w, https:\/\/www.leschampsdefleury.com\/wp-content\/uploads\/2023\/02\/IMG_20230225_112345-300x225.jpg 300w, https:\/\/www.leschampsdefleury.com\/wp-content\/uploads\/2023\/02\/IMG_20230225_112345-1024x768.jpg 1024w, https:\/\/www.leschampsdefleury.com\/wp-content\/uploads\/2023\/02\/IMG_20230225_112345-768x576.jpg 768w\" sizes=\"auto, (max-width: 710px) 100vw, 710px\" \/>\n\t\t<div class=\"figc no-description\">\n\t\t\t<div class=\"figc-inner\">\n\t\t\t\t\t\t\t\t\t\t\t\t\t\t\t<\/div>\n\t\t<\/div>\n\n\t<\/div>\n\n<\/div><div class=\"modula-item effect-pufrobo\" >\n\t<div class=\"modula-item-overlay\"><\/div>\n\n\t<div class=\"modula-item-content\">\n\n\t\t<a data-image-id=\"699\" role=\"button\" tabindex=\"0\" rel=\"jtg-925\" data-caption=\"\" aria-label=\"Open image in lightbox\" class=\"tile-inner modula-item-link\"><\/a><img loading=\"lazy\" decoding=\"async\" class=\"pic wp-image-699\"  data-valign=\"middle\" data-halign=\"center\" alt=\"Vakantiehuis g\u00eete L\u2019Ancienne Etable- Les champs de Fleury\" data-full=\"https:\/\/www.leschampsdefleury.com\/wp-content\/uploads\/2023\/02\/IMG_20230225_112914.jpg\" title=\"IMG_20230225_112914\" crop=\"\" width=\"710\" height=\"947\" src=\"https:\/\/www.leschampsdefleury.com\/wp-content\/uploads\/2023\/02\/IMG_20230225_112914-768x1024.jpg\" data-src=\"https:\/\/www.leschampsdefleury.com\/wp-content\/uploads\/2023\/02\/IMG_20230225_112914-768x1024.jpg\" data-caption=\"\" srcset=\"https:\/\/www.leschampsdefleury.com\/wp-content\/uploads\/2023\/02\/IMG_20230225_112914.jpg 810w, https:\/\/www.leschampsdefleury.com\/wp-content\/uploads\/2023\/02\/IMG_20230225_112914-225x300.jpg 225w, https:\/\/www.leschampsdefleury.com\/wp-content\/uploads\/2023\/02\/IMG_20230225_112914-768x1024.jpg 768w\" sizes=\"auto, (max-width: 710px) 100vw, 710px\" \/>\n\t\t<div class=\"figc no-description\">\n\t\t\t<div class=\"figc-inner\">\n\t\t\t\t\t\t\t\t\t\t\t\t\t\t\t<\/div>\n\t\t<\/div>\n\n\t<\/div>\n\n<\/div><div class=\"modula-item effect-pufrobo\" >\n\t<div class=\"modula-item-overlay\"><\/div>\n\n\t<div class=\"modula-item-content\">\n\n\t\t<a data-image-id=\"195\" role=\"button\" tabindex=\"0\" rel=\"jtg-925\" data-caption=\"\" aria-label=\"Open image in lightbox\" class=\"tile-inner modula-item-link\"><\/a><img loading=\"lazy\" decoding=\"async\" class=\"pic wp-image-195\"  data-valign=\"middle\" data-halign=\"center\" alt=\"Gites in Bourgogne Frankrijk Morvan Vakantiehuis g\u00eete L\u2019Ancienne Etable- Les champs de Fleury\" data-full=\"https:\/\/www.leschampsdefleury.com\/wp-content\/uploads\/2017\/09\/Bovenverdieping-Vakantiehuis-in-Bourgondie-Frankrijk.jpg\" title=\"Bovenverdieping Vakantiehuis in Bourgondie Frankrijk\" crop=\"\" width=\"710\" height=\"471\" src=\"https:\/\/www.leschampsdefleury.com\/wp-content\/uploads\/2017\/09\/Bovenverdieping-Vakantiehuis-in-Bourgondie-Frankrijk-1024x680.jpg\" data-src=\"https:\/\/www.leschampsdefleury.com\/wp-content\/uploads\/2017\/09\/Bovenverdieping-Vakantiehuis-in-Bourgondie-Frankrijk-1024x680.jpg\" data-caption=\"\" srcset=\"https:\/\/www.leschampsdefleury.com\/wp-content\/uploads\/2017\/09\/Bovenverdieping-Vakantiehuis-in-Bourgondie-Frankrijk.jpg 1394w, https:\/\/www.leschampsdefleury.com\/wp-content\/uploads\/2017\/09\/Bovenverdieping-Vakantiehuis-in-Bourgondie-Frankrijk-300x199.jpg 300w, https:\/\/www.leschampsdefleury.com\/wp-content\/uploads\/2017\/09\/Bovenverdieping-Vakantiehuis-in-Bourgondie-Frankrijk-768x510.jpg 768w, https:\/\/www.leschampsdefleury.com\/wp-content\/uploads\/2017\/09\/Bovenverdieping-Vakantiehuis-in-Bourgondie-Frankrijk-1024x680.jpg 1024w, https:\/\/www.leschampsdefleury.com\/wp-content\/uploads\/2017\/09\/Bovenverdieping-Vakantiehuis-in-Bourgondie-Frankrijk-600x399.jpg 600w\" sizes=\"auto, (max-width: 710px) 100vw, 710px\" \/>\n\t\t<div class=\"figc no-description\">\n\t\t\t<div class=\"figc-inner\">\n\t\t\t\t\t\t\t\t\t\t\t\t\t\t\t<\/div>\n\t\t<\/div>\n\n\t<\/div>\n\n<\/div><div class=\"modula-item effect-pufrobo\" >\n\t<div class=\"modula-item-overlay\"><\/div>\n\n\t<div class=\"modula-item-content\">\n\n\t\t<a data-image-id=\"695\" role=\"button\" tabindex=\"0\" rel=\"jtg-925\" data-caption=\"\" aria-label=\"Open image in lightbox\" class=\"tile-inner modula-item-link\"><\/a><img loading=\"lazy\" decoding=\"async\" class=\"pic wp-image-695\"  data-valign=\"middle\" data-halign=\"center\" alt=\"Vakantiehuis g\u00eete L\u2019Ancienne Etable- Les champs de Fleury\" data-full=\"https:\/\/www.leschampsdefleury.com\/wp-content\/uploads\/2023\/02\/IMG_20230225_112634.jpg\" title=\"IMG_20230225_112634\" crop=\"\" width=\"710\" height=\"533\" src=\"https:\/\/www.leschampsdefleury.com\/wp-content\/uploads\/2023\/02\/IMG_20230225_112634-1024x768.jpg\" data-src=\"https:\/\/www.leschampsdefleury.com\/wp-content\/uploads\/2023\/02\/IMG_20230225_112634-1024x768.jpg\" data-caption=\"\" srcset=\"https:\/\/www.leschampsdefleury.com\/wp-content\/uploads\/2023\/02\/IMG_20230225_112634.jpg 1400w, https:\/\/www.leschampsdefleury.com\/wp-content\/uploads\/2023\/02\/IMG_20230225_112634-300x225.jpg 300w, https:\/\/www.leschampsdefleury.com\/wp-content\/uploads\/2023\/02\/IMG_20230225_112634-1024x768.jpg 1024w, https:\/\/www.leschampsdefleury.com\/wp-content\/uploads\/2023\/02\/IMG_20230225_112634-768x576.jpg 768w\" sizes=\"auto, (max-width: 710px) 100vw, 710px\" \/>\n\t\t<div class=\"figc no-description\">\n\t\t\t<div class=\"figc-inner\">\n\t\t\t\t\t\t\t\t\t\t\t\t\t\t\t<\/div>\n\t\t<\/div>\n\n\t<\/div>\n\n<\/div><div class=\"modula-item effect-pufrobo\" >\n\t<div class=\"modula-item-overlay\"><\/div>\n\n\t<div class=\"modula-item-content\">\n\n\t\t<a data-image-id=\"612\" role=\"button\" tabindex=\"0\" rel=\"jtg-925\" data-caption=\"\" aria-label=\"Open image in lightbox\" class=\"tile-inner modula-item-link\"><\/a><img loading=\"lazy\" decoding=\"async\" class=\"pic wp-image-612\"  data-valign=\"middle\" data-halign=\"center\" alt=\"Vakantiehuis g\u00eete L\u2019Ancienne Etable- Les champs de Fleury\" data-full=\"https:\/\/www.leschampsdefleury.com\/wp-content\/uploads\/2022\/02\/IMG-3608.jpg\" title=\"IMG-3608\" crop=\"\" width=\"710\" height=\"947\" src=\"https:\/\/www.leschampsdefleury.com\/wp-content\/uploads\/2022\/02\/IMG-3608-768x1024.jpg\" data-src=\"https:\/\/www.leschampsdefleury.com\/wp-content\/uploads\/2022\/02\/IMG-3608-768x1024.jpg\" data-caption=\"\" srcset=\"https:\/\/www.leschampsdefleury.com\/wp-content\/uploads\/2022\/02\/IMG-3608.jpg 810w, https:\/\/www.leschampsdefleury.com\/wp-content\/uploads\/2022\/02\/IMG-3608-225x300.jpg 225w, https:\/\/www.leschampsdefleury.com\/wp-content\/uploads\/2022\/02\/IMG-3608-768x1024.jpg 768w\" sizes=\"auto, (max-width: 710px) 100vw, 710px\" \/>\n\t\t<div class=\"figc no-description\">\n\t\t\t<div class=\"figc-inner\">\n\t\t\t\t\t\t\t\t\t\t\t\t\t\t\t<\/div>\n\t\t<\/div>\n\n\t<\/div>\n\n<\/div><div class=\"modula-item effect-pufrobo\" >\n\t<div class=\"modula-item-overlay\"><\/div>\n\n\t<div class=\"modula-item-content\">\n\n\t\t<a data-image-id=\"670\" role=\"button\" tabindex=\"0\" rel=\"jtg-925\" data-caption=\"\" aria-label=\"Open image in lightbox\" class=\"tile-inner modula-item-link\"><\/a><img loading=\"lazy\" decoding=\"async\" class=\"pic wp-image-670\"  data-valign=\"middle\" data-halign=\"center\" alt=\"Vakantiehuis g\u00eete L\u2019Ancienne Etable- Les champs de Fleury\" data-full=\"https:\/\/www.leschampsdefleury.com\/wp-content\/uploads\/2022\/11\/IMG-3610.jpg\" title=\"IMG-3610\" crop=\"\" width=\"710\" height=\"947\" src=\"https:\/\/www.leschampsdefleury.com\/wp-content\/uploads\/2022\/11\/IMG-3610-768x1024.jpg\" data-src=\"https:\/\/www.leschampsdefleury.com\/wp-content\/uploads\/2022\/11\/IMG-3610-768x1024.jpg\" data-caption=\"\" srcset=\"https:\/\/www.leschampsdefleury.com\/wp-content\/uploads\/2022\/11\/IMG-3610.jpg 810w, https:\/\/www.leschampsdefleury.com\/wp-content\/uploads\/2022\/11\/IMG-3610-225x300.jpg 225w, https:\/\/www.leschampsdefleury.com\/wp-content\/uploads\/2022\/11\/IMG-3610-768x1024.jpg 768w\" sizes=\"auto, (max-width: 710px) 100vw, 710px\" \/>\n\t\t<div class=\"figc no-description\">\n\t\t\t<div class=\"figc-inner\">\n\t\t\t\t\t\t\t\t\t\t\t\t\t\t\t<\/div>\n\t\t<\/div>\n\n\t<\/div>\n\n<\/div><div class=\"modula-item effect-pufrobo\" >\n\t<div class=\"modula-item-overlay\"><\/div>\n\n\t<div class=\"modula-item-content\">\n\n\t\t<a data-image-id=\"191\" role=\"button\" tabindex=\"0\" rel=\"jtg-925\" data-caption=\"\" aria-label=\"Open image in lightbox\" class=\"tile-inner modula-item-link\"><\/a><img loading=\"lazy\" decoding=\"async\" class=\"pic wp-image-191\"  data-valign=\"middle\" data-halign=\"center\" alt=\"Vakantiehuis in Frankrijk Bourgogne\" data-full=\"https:\/\/www.leschampsdefleury.com\/wp-content\/uploads\/2017\/09\/Zithoek-buiten-vakantiehuis-in-Frankrijk-Bourgogne-Morvan.jpg\" title=\"Zithoek buiten vakantiehuis in Frankrijk Bourgogne Morvan\" crop=\"\" width=\"710\" height=\"459\" src=\"https:\/\/www.leschampsdefleury.com\/wp-content\/uploads\/2017\/09\/Zithoek-buiten-vakantiehuis-in-Frankrijk-Bourgogne-Morvan-1024x662.jpg\" data-src=\"https:\/\/www.leschampsdefleury.com\/wp-content\/uploads\/2017\/09\/Zithoek-buiten-vakantiehuis-in-Frankrijk-Bourgogne-Morvan-1024x662.jpg\" data-caption=\"\" srcset=\"https:\/\/www.leschampsdefleury.com\/wp-content\/uploads\/2017\/09\/Zithoek-buiten-vakantiehuis-in-Frankrijk-Bourgogne-Morvan.jpg 1232w, https:\/\/www.leschampsdefleury.com\/wp-content\/uploads\/2017\/09\/Zithoek-buiten-vakantiehuis-in-Frankrijk-Bourgogne-Morvan-300x194.jpg 300w, https:\/\/www.leschampsdefleury.com\/wp-content\/uploads\/2017\/09\/Zithoek-buiten-vakantiehuis-in-Frankrijk-Bourgogne-Morvan-768x496.jpg 768w, https:\/\/www.leschampsdefleury.com\/wp-content\/uploads\/2017\/09\/Zithoek-buiten-vakantiehuis-in-Frankrijk-Bourgogne-Morvan-1024x662.jpg 1024w, https:\/\/www.leschampsdefleury.com\/wp-content\/uploads\/2017\/09\/Zithoek-buiten-vakantiehuis-in-Frankrijk-Bourgogne-Morvan-600x388.jpg 600w\" sizes=\"auto, (max-width: 710px) 100vw, 710px\" \/>\n\t\t<div class=\"figc no-description\">\n\t\t\t<div class=\"figc-inner\">\n\t\t\t\t\t\t\t\t\t\t\t\t\t\t\t<\/div>\n\t\t<\/div>\n\n\t<\/div>\n\n<\/div><div class=\"modula-item effect-pufrobo\" >\n\t<div class=\"modula-item-overlay\"><\/div>\n\n\t<div class=\"modula-item-content\">\n\n\t\t<a data-image-id=\"700\" role=\"button\" tabindex=\"0\" rel=\"jtg-925\" data-caption=\"\" aria-label=\"Open image in lightbox\" class=\"tile-inner modula-item-link\"><\/a><img loading=\"lazy\" decoding=\"async\" class=\"pic wp-image-700\"  data-valign=\"middle\" data-halign=\"center\" alt=\"Vakantiehuis g\u00eetes - Les champs de Fleury\" data-full=\"https:\/\/www.leschampsdefleury.com\/wp-content\/uploads\/2023\/02\/IMG_20230225_115319.jpg\" title=\"IMG_20230225_115319\" crop=\"\" width=\"710\" height=\"533\" src=\"https:\/\/www.leschampsdefleury.com\/wp-content\/uploads\/2023\/02\/IMG_20230225_115319-1024x768.jpg\" data-src=\"https:\/\/www.leschampsdefleury.com\/wp-content\/uploads\/2023\/02\/IMG_20230225_115319-1024x768.jpg\" data-caption=\"\" srcset=\"https:\/\/www.leschampsdefleury.com\/wp-content\/uploads\/2023\/02\/IMG_20230225_115319.jpg 1400w, https:\/\/www.leschampsdefleury.com\/wp-content\/uploads\/2023\/02\/IMG_20230225_115319-300x225.jpg 300w, https:\/\/www.leschampsdefleury.com\/wp-content\/uploads\/2023\/02\/IMG_20230225_115319-1024x768.jpg 1024w, https:\/\/www.leschampsdefleury.com\/wp-content\/uploads\/2023\/02\/IMG_20230225_115319-768x576.jpg 768w\" sizes=\"auto, (max-width: 710px) 100vw, 710px\" \/>\n\t\t<div class=\"figc no-description\">\n\t\t\t<div class=\"figc-inner\">\n\t\t\t\t\t\t\t\t\t\t\t\t\t\t\t<\/div>\n\t\t<\/div>\n\n\t<\/div>\n\n<\/div><div class=\"modula-item effect-pufrobo\" >\n\t<div class=\"modula-item-overlay\"><\/div>\n\n\t<div class=\"modula-item-content\">\n\n\t\t<a data-image-id=\"192\" role=\"button\" tabindex=\"0\" rel=\"jtg-925\" data-caption=\"\" aria-label=\"Open image in lightbox\" class=\"tile-inner modula-item-link\"><\/a><img loading=\"lazy\" decoding=\"async\" class=\"pic wp-image-192\"  data-valign=\"middle\" data-halign=\"center\" alt=\"Vakantiehuis in Bourgondie Frankrijk\" data-full=\"https:\/\/www.leschampsdefleury.com\/wp-content\/uploads\/2017\/09\/Vakantiehuis-in-Frankrijk-Bourgogne.jpg\" title=\"Vakantiehuis in Frankrijk Bourgogne\" crop=\"\" width=\"710\" height=\"461\" src=\"https:\/\/www.leschampsdefleury.com\/wp-content\/uploads\/2017\/09\/Vakantiehuis-in-Frankrijk-Bourgogne-1024x665.jpg\" data-src=\"https:\/\/www.leschampsdefleury.com\/wp-content\/uploads\/2017\/09\/Vakantiehuis-in-Frankrijk-Bourgogne-1024x665.jpg\" data-caption=\"\" srcset=\"https:\/\/www.leschampsdefleury.com\/wp-content\/uploads\/2017\/09\/Vakantiehuis-in-Frankrijk-Bourgogne.jpg 1400w, https:\/\/www.leschampsdefleury.com\/wp-content\/uploads\/2017\/09\/Vakantiehuis-in-Frankrijk-Bourgogne-300x195.jpg 300w, https:\/\/www.leschampsdefleury.com\/wp-content\/uploads\/2017\/09\/Vakantiehuis-in-Frankrijk-Bourgogne-768x499.jpg 768w, https:\/\/www.leschampsdefleury.com\/wp-content\/uploads\/2017\/09\/Vakantiehuis-in-Frankrijk-Bourgogne-1024x665.jpg 1024w, https:\/\/www.leschampsdefleury.com\/wp-content\/uploads\/2017\/09\/Vakantiehuis-in-Frankrijk-Bourgogne-600x390.jpg 600w\" sizes=\"auto, (max-width: 710px) 100vw, 710px\" \/>\n\t\t<div class=\"figc no-description\">\n\t\t\t<div class=\"figc-inner\">\n\t\t\t\t\t\t\t\t\t\t\t\t\t\t\t<\/div>\n\t\t<\/div>\n\n\t<\/div>\n\n<\/div><div class=\"modula-item effect-pufrobo\" >\n\t<div class=\"modula-item-overlay\"><\/div>\n\n\t<div class=\"modula-item-content\">\n\n\t\t<a data-image-id=\"193\" role=\"button\" tabindex=\"0\" rel=\"jtg-925\" data-caption=\"Heerlijke tuin\" aria-label=\"Open image in lightbox\" class=\"tile-inner modula-item-link\"><\/a><img loading=\"lazy\" decoding=\"async\" class=\"pic wp-image-193\"  data-valign=\"middle\" data-halign=\"center\" alt=\"Ouderwetse vakantiewoning in Frankrijk Bourgondie Morvan\" data-full=\"https:\/\/www.leschampsdefleury.com\/wp-content\/uploads\/2017\/09\/Prive-tuin-vakantiehuis-in-Frankrijk-Bourgondie.jpg\" title=\"Priv\u00e9 tuin vakantiehuis in Frankrijk Bourgondie\" crop=\"\" width=\"710\" height=\"438\" src=\"https:\/\/www.leschampsdefleury.com\/wp-content\/uploads\/2017\/09\/Priv\u00e9-tuin-vakantiehuis-in-Frankrijk-Bourgondie-1024x631.jpg\" data-src=\"https:\/\/www.leschampsdefleury.com\/wp-content\/uploads\/2017\/09\/Priv\u00e9-tuin-vakantiehuis-in-Frankrijk-Bourgondie-1024x631.jpg\" data-caption=\"Heerlijke tuin\" srcset=\"https:\/\/www.leschampsdefleury.com\/wp-content\/uploads\/2017\/09\/Prive-tuin-vakantiehuis-in-Frankrijk-Bourgondie.jpg 1400w, https:\/\/www.leschampsdefleury.com\/wp-content\/uploads\/2017\/09\/Priv\u00e9-tuin-vakantiehuis-in-Frankrijk-Bourgondie-300x185.jpg 300w, https:\/\/www.leschampsdefleury.com\/wp-content\/uploads\/2017\/09\/Priv\u00e9-tuin-vakantiehuis-in-Frankrijk-Bourgondie-768x473.jpg 768w, https:\/\/www.leschampsdefleury.com\/wp-content\/uploads\/2017\/09\/Priv\u00e9-tuin-vakantiehuis-in-Frankrijk-Bourgondie-1024x631.jpg 1024w, https:\/\/www.leschampsdefleury.com\/wp-content\/uploads\/2017\/09\/Priv\u00e9-tuin-vakantiehuis-in-Frankrijk-Bourgondie-600x370.jpg 600w\" sizes=\"auto, (max-width: 710px) 100vw, 710px\" \/>\n\t\t<div class=\"figc\">\n\t\t\t<div class=\"figc-inner\">\n\t\t\t\t\t\t\t\t\t\t\t\t\t\t\t<\/div>\n\t\t<\/div>\n\n\t<\/div>\n\n<\/div><div class=\"modula-item effect-pufrobo\" >\n\t<div class=\"modula-item-overlay\"><\/div>\n\n\t<div class=\"modula-item-content\">\n\n\t\t<a data-image-id=\"561\" role=\"button\" tabindex=\"0\" rel=\"jtg-925\" data-caption=\"\" aria-label=\"Open image in lightbox\" class=\"tile-inner modula-item-link\"><\/a><img loading=\"lazy\" decoding=\"async\" class=\"pic wp-image-561\"  data-valign=\"middle\" data-halign=\"center\" alt=\"Vakantiehuizen - g\u00eetes - Les champs de Fleury - Bourgogne\" data-full=\"https:\/\/www.leschampsdefleury.com\/wp-content\/uploads\/2020\/01\/etable-4.jpg\" title=\"etable 4\" crop=\"\" width=\"710\" height=\"473\" src=\"https:\/\/www.leschampsdefleury.com\/wp-content\/uploads\/2020\/01\/etable-4.jpg\" data-src=\"https:\/\/www.leschampsdefleury.com\/wp-content\/uploads\/2020\/01\/etable-4.jpg\" data-caption=\"\" srcset=\"https:\/\/www.leschampsdefleury.com\/wp-content\/uploads\/2020\/01\/etable-4.jpg 870w, https:\/\/www.leschampsdefleury.com\/wp-content\/uploads\/2020\/01\/etable-4-300x200.jpg 300w, https:\/\/www.leschampsdefleury.com\/wp-content\/uploads\/2020\/01\/etable-4-768x512.jpg 768w\" sizes=\"auto, (max-width: 710px) 100vw, 710px\" \/>\n\t\t<div class=\"figc no-description\">\n\t\t\t<div class=\"figc-inner\">\n\t\t\t\t\t\t\t\t\t\t\t\t\t\t\t<\/div>\n\t\t<\/div>\n\n\t<\/div>\n\n<\/div><div class=\"modula-item effect-pufrobo\" >\n\t<div class=\"modula-item-overlay\"><\/div>\n\n\t<div class=\"modula-item-content\">\n\n\t\t<a data-image-id=\"562\" role=\"button\" tabindex=\"0\" rel=\"jtg-925\" data-caption=\"\" aria-label=\"Open image in lightbox\" class=\"tile-inner modula-item-link\"><\/a><img loading=\"lazy\" decoding=\"async\" class=\"pic wp-image-562\"  data-valign=\"middle\" data-halign=\"center\" alt=\"Vakantiehuis g\u00eete L\u2019Ancienne Etable- Les champs de Fleury\" data-full=\"https:\/\/www.leschampsdefleury.com\/wp-content\/uploads\/2020\/01\/etable-5.jpg\" title=\"etable 5\" crop=\"\" width=\"710\" height=\"473\" src=\"https:\/\/www.leschampsdefleury.com\/wp-content\/uploads\/2020\/01\/etable-5.jpg\" data-src=\"https:\/\/www.leschampsdefleury.com\/wp-content\/uploads\/2020\/01\/etable-5.jpg\" data-caption=\"\" srcset=\"https:\/\/www.leschampsdefleury.com\/wp-content\/uploads\/2020\/01\/etable-5.jpg 870w, https:\/\/www.leschampsdefleury.com\/wp-content\/uploads\/2020\/01\/etable-5-300x200.jpg 300w, https:\/\/www.leschampsdefleury.com\/wp-content\/uploads\/2020\/01\/etable-5-768x512.jpg 768w\" sizes=\"auto, (max-width: 710px) 100vw, 710px\" \/>\n\t\t<div class=\"figc no-description\">\n\t\t\t<div class=\"figc-inner\">\n\t\t\t\t\t\t\t\t\t\t\t\t\t\t\t<\/div>\n\t\t<\/div>\n\n\t<\/div>\n\n<\/div>\t\t\n\t<\/div>\n\n\t\n\t\n\t<script type=\"application\/ld+json\">\n\t{\n\t\t\"@context\": \"http:\/\/schema.org\",\n\t\t\"@type\"   : \"ImageGallery\",\n\t\t\"id\"      : \"https:\/\/www.leschampsdefleury.com\/fr\/gites\/lancienne-etable\/\",\n\t\t\"url\"     : \"https:\/\/www.leschampsdefleury.com\/fr\/gites\/lancienne-etable\/\"\n\t}\n\n\t<\/script>\n\n\t\n<\/div>\n<\/div>\n<p><\/p>","protected":false},"excerpt":{"rendered":"<p>G\u00eete L&rsquo;Ancienne Etable L&rsquo;ancienne Etable est une r\u00e9sidence de vacances qui a \u00e9t\u00e9 travaill\u00e9e avec beaucoup d&rsquo;attention pour en faire un lieu sp\u00e9cial, charmant et surtout unique, une maison o\u00f9 vous vous sentirez comme chez vous. Cette maison de vacances<\/p>\n","protected":false},"author":1,"featured_media":0,"parent":10,"menu_order":2,"comment_status":"closed","ping_status":"closed","template":"","meta":{"slim_seo":{"title":"L'Ancienne Etable - Les champs de Fleury","description":"[:nl] Het vakantiehuis L'Ancienne Etable L'Ancienne Etable is een vakantieverblijf voor 2\/3 personen waar met veel aandacht aan gewerkt is om er een bijzonder,"},"footnotes":"","_links_to":"","_links_to_target":""},"class_list":["post-30","page","type-page","status-publish","hentry"],"_links":{"self":[{"href":"https:\/\/www.leschampsdefleury.com\/fr\/wp-json\/wp\/v2\/pages\/30","targetHints":{"allow":["GET"]}}],"collection":[{"href":"https:\/\/www.leschampsdefleury.com\/fr\/wp-json\/wp\/v2\/pages"}],"about":[{"href":"https:\/\/www.leschampsdefleury.com\/fr\/wp-json\/wp\/v2\/types\/page"}],"author":[{"embeddable":true,"href":"https:\/\/www.leschampsdefleury.com\/fr\/wp-json\/wp\/v2\/users\/1"}],"replies":[{"embeddable":true,"href":"https:\/\/www.leschampsdefleury.com\/fr\/wp-json\/wp\/v2\/comments?post=30"}],"version-history":[{"count":80,"href":"https:\/\/www.leschampsdefleury.com\/fr\/wp-json\/wp\/v2\/pages\/30\/revisions"}],"predecessor-version":[{"id":1258,"href":"https:\/\/www.leschampsdefleury.com\/fr\/wp-json\/wp\/v2\/pages\/30\/revisions\/1258"}],"up":[{"embeddable":true,"href":"https:\/\/www.leschampsdefleury.com\/fr\/wp-json\/wp\/v2\/pages\/10"}],"wp:attachment":[{"href":"https:\/\/www.leschampsdefleury.com\/fr\/wp-json\/wp\/v2\/media?parent=30"}],"curies":[{"name":"wp","href":"https:\/\/api.w.org\/{rel}","templated":true}]}}